{"id":984,"date":"2020-12-17T21:55:49","date_gmt":"2020-12-17T20:55:49","guid":{"rendered":"https:\/\/cordis-logistics.pl\/?page_id=984"},"modified":"2023-04-23T23:42:39","modified_gmt":"2023-04-23T21:42:39","slug":"w-mediach","status":"publish","type":"page","link":"https:\/\/cordis-logistics.pl\/cz\/o-nas\/w-mediach\/","title":{"rendered":"O n\u00e1s v m\u00e9di\u00edch"},"content":{"rendered":"<div data-elementor-type=\"wp-page\" data-elementor-id=\"984\" class=\"elementor elementor-984\" data-elementor-settings=\"[]\">\n\t\t\t\t\t\t\t<div class=\"elementor-section-wrap\">\n\t\t\t\t\t              <div data-parallax-id=\"bdt_scene8ed14be\"\n                   id=\"bdt_scene8ed14be\" class=\"parallax-scene\">\n                                        \n                      \n                    <div data-depth=\"0.1\"\n                         class=\"bdt-scene-item\" style=\"background-position-x: 50%; background-position-y: 50%; background-size: cover;\"><\/div>\n                  \n                                <\/div>\n                \n                \t\t<section class=\"has-bdt-parallax elementor-section elementor-top-section elementor-element elementor-element-8ed14be elementor-section-boxed elementor-section-height-default elementor-section-height-default\" data-id=\"8ed14be\" data-element_type=\"section\" data-settings=\"{&quot;background_background&quot;:&quot;classic&quot;}\">\n\t\t\t\t\t\t\t<div class=\"elementor-background-overlay\"><\/div>\n\t\t\t\t\t\t\t<div class=\"elementor-container elementor-column-gap-default\">\n\t\t\t\t\t<div class=\"elementor-column elementor-col-50 elementor-top-column elementor-element elementor-element-70a0ca2\" data-id=\"70a0ca2\" data-element_type=\"column\">\n\t\t\t<div class=\"elementor-widget-wrap elementor-element-populated\">\n\t\t\t\t\t\t\t\t<div class=\"elementor-element elementor-element-41fddfc elementor-widget elementor-widget-heading\" data-id=\"41fddfc\" data-element_type=\"widget\" data-widget_type=\"heading.default\">\n\t\t\t\t<div class=\"elementor-widget-container\">\n\t\t\t<h2 class=\"elementor-heading-title elementor-size-default\">Cordis a logistika v m\u00e9di\u00edch<\/h2>\t\t<\/div>\n\t\t\t\t<\/div>\n\t\t\t\t<div class=\"elementor-element elementor-element-d805fe3 elementor-widget elementor-widget-heading\" data-id=\"d805fe3\" data-element_type=\"widget\" data-widget_type=\"heading.default\">\n\t\t\t\t<div class=\"elementor-widget-container\">\n\t\t\t<h2 class=\"elementor-heading-title elementor-size-default\">HODN\u011a \u010cTEN\u00cd<\/h2>\t\t<\/div>\n\t\t\t\t<\/div>\n\t\t\t\t\t<\/div>\n\t\t<\/div>\n\t\t\t\t<div class=\"elementor-column elementor-col-50 elementor-top-column elementor-element elementor-element-15c22a6 elementor-hidden-phone\" data-id=\"15c22a6\" data-element_type=\"column\">\n\t\t\t<div class=\"elementor-widget-wrap elementor-element-populated\">\n\t\t\t\t\t\t\t\t<div class=\"elementor-element elementor-element-248c79c e-grid-align-right e-grid-align-right elementor-shape-rounded elementor-grid-0 elementor-widget elementor-widget-social-icons\" data-id=\"248c79c\" data-element_type=\"widget\" data-widget_type=\"social-icons.default\">\n\t\t\t\t<div class=\"elementor-widget-container\">\n\t\t\t\t\t<div class=\"elementor-social-icons-wrapper elementor-grid\">\n\t\t\t\t\t\t\t<div class=\"elementor-grid-item\">\n\t\t\t\t\t<a class=\"elementor-icon elementor-social-icon elementor-social-icon- elementor-repeater-item-ba87cc7\" href=\"https:\/\/www.facebook.com\/Cordis-Logistic-2274227552814591\" target=\"_blank\">\n\t\t\t\t\t\t<span class=\"elementor-screen-only\"><\/span>\n\t\t\t\t\t\t<svg xmlns=\"http:\/\/www.w3.org\/2000\/svg\" width=\"39\" height=\"39\" viewbox=\"0 0 39 39\">\n  <g id=\"Group_2241\" data-name=\"Group 2241\" transform=\"translate(-1126 -44)\">\n    <g id=\"_002-facebook\" data-name=\"002-facebook\" transform=\"translate(1141.52 55.594)\">\n      <g id=\"Group_621\" data-name=\"Group 621\" transform=\"translate(0)\">\n        <path id=\"Path_1306\" data-name=\"Path 1306\" d=\"M132.783,5.262V3.348a.957.957,0,0,1,.957-.957h.957V0h-1.913a2.87,2.87,0,0,0-2.87,2.87V5.262H128V7.654h1.913v7.654h2.87V7.654H134.7l.957-2.392Z\" transform=\"translate(-128)\" fill=\"#fff\"\/>\n      <\/g>\n    <\/g>\n    <g id=\"Ellipse_170\" data-name=\"Ellipse 170\" transform=\"translate(1126 44)\" fill=\"none\" stroke=\"#fff\" stroke-width=\"1.5\">\n      <circle cx=\"19.5\" cy=\"19.5\" r=\"19.5\" stroke=\"none\"\/>\n      <circle cx=\"19.5\" cy=\"19.5\" r=\"18.75\" fill=\"none\"\/>\n    <\/g>\n  <\/g>\n<\/svg>\n\t\t\t\t\t<\/a>\n\t\t\t\t<\/div>\n\t\t\t\t\t<\/div>\n\t\t\t\t<\/div>\n\t\t\t\t<\/div>\n\t\t\t\t<div class=\"elementor-element elementor-element-399c9d9 e-grid-align-right e-grid-align-right elementor-shape-rounded elementor-grid-0 elementor-widget elementor-widget-social-icons\" data-id=\"399c9d9\" data-element_type=\"widget\" data-widget_type=\"social-icons.default\">\n\t\t\t\t<div class=\"elementor-widget-container\">\n\t\t\t\t\t<div class=\"elementor-social-icons-wrapper elementor-grid\">\n\t\t\t\t\t\t\t<div class=\"elementor-grid-item\">\n\t\t\t\t\t<a class=\"elementor-icon elementor-social-icon elementor-social-icon- elementor-repeater-item-edfa772\" href=\"https:\/\/www.linkedin.com\/company\/cordis-logistic\/\" target=\"_blank\">\n\t\t\t\t\t\t<span class=\"elementor-screen-only\"><\/span>\n\t\t\t\t\t\t<svg xmlns=\"http:\/\/www.w3.org\/2000\/svg\" width=\"39\" height=\"39\" viewbox=\"0 0 39 39\">\n  <g id=\"Group_2242\" data-name=\"Group 2242\" transform=\"translate(-1185 -44)\">\n    <g id=\"_001-linkedin\" data-name=\"001-linkedin\" transform=\"translate(1197.061 54.984)\">\n      <g id=\"Group_623\" data-name=\"Group 623\" transform=\"translate(0.112 4.988)\">\n        <g id=\"Group_622\" data-name=\"Group 622\">\n          <rect id=\"Rectangle_3\" data-name=\"Rectangle 3\" width=\"3.423\" height=\"10.524\" fill=\"#fff\"\/>\n        <\/g>\n      <\/g>\n      <g id=\"Group_625\" data-name=\"Group 625\" transform=\"translate(4.896 4.988)\">\n        <g id=\"Group_624\" data-name=\"Group 624\">\n          <path id=\"Path_1307\" data-name=\"Path 1307\" d=\"M167.964,160.123c-.036-.011-.071-.024-.109-.034s-.092-.019-.139-.027A3.07,3.07,0,0,0,167.1,160a4.756,4.756,0,0,0-3.678,2.012V160H160v10.524h3.423v-5.74s2.587-3.6,3.678-.957v6.7h3.422v-7.1A3.413,3.413,0,0,0,167.964,160.123Z\" transform=\"translate(-160 -160)\" fill=\"#fff\"\/>\n        <\/g>\n      <\/g>\n      <g id=\"Group_627\" data-name=\"Group 627\" transform=\"translate(0 0)\">\n        <g id=\"Group_626\" data-name=\"Group 626\" transform=\"translate(0 0)\">\n          <circle id=\"Ellipse_168\" data-name=\"Ellipse 168\" cx=\"2\" cy=\"2\" r=\"2\" transform=\"translate(-0.061 0.016)\" fill=\"#fff\"\/>\n        <\/g>\n      <\/g>\n    <\/g>\n    <g id=\"Ellipse_169\" data-name=\"Ellipse 169\" transform=\"translate(1185 44)\" fill=\"none\" stroke=\"#fff\" stroke-width=\"1.5\">\n      <circle cx=\"19.5\" cy=\"19.5\" r=\"19.5\" stroke=\"none\"\/>\n      <circle cx=\"19.5\" cy=\"19.5\" r=\"18.75\" fill=\"none\"\/>\n    <\/g>\n  <\/g>\n<\/svg>\n\t\t\t\t\t<\/a>\n\t\t\t\t<\/div>\n\t\t\t\t\t<\/div>\n\t\t\t\t<\/div>\n\t\t\t\t<\/div>\n\t\t\t\t\t<\/div>\n\t\t<\/div>\n\t\t\t\t\t\t\t<\/div>\n\t\t<\/section>\n\t\t\t\t<section class=\"elementor-section elementor-top-section elementor-element elementor-element-4c2b646 elementor-section-content-middle elementor-section-boxed elementor-section-height-default elementor-section-height-default\" data-id=\"4c2b646\" data-element_type=\"section\">\n\t\t\t\t\t\t<div class=\"elementor-container elementor-column-gap-default\">\n\t\t\t\t\t<div class=\"elementor-column elementor-col-100 elementor-top-column elementor-element elementor-element-6e16c0e\" data-id=\"6e16c0e\" data-element_type=\"column\">\n\t\t\t<div class=\"elementor-widget-wrap elementor-element-populated\">\n\t\t\t\t\t\t\t\t<div class=\"elementor-element elementor-element-cb49574 elementor-widget elementor-widget-heading\" data-id=\"cb49574\" data-element_type=\"widget\" data-widget_type=\"heading.default\">\n\t\t\t\t<div class=\"elementor-widget-container\">\n\t\t\t<h2 class=\"elementor-heading-title elementor-size-default\">Doporu\u010den\u00e9 \u010dl\u00e1nky, kde se dozv\u00edte v\u00edce o logistice, skladov\u00e1n\u00ed a na\u0161\u00ed spole\u010dnosti.<\/h2>\t\t<\/div>\n\t\t\t\t<\/div>\n\t\t\t\t<section class=\"elementor-section elementor-inner-section elementor-element elementor-element-d80fe66 elementor-section-boxed elementor-section-height-default elementor-section-height-default\" data-id=\"d80fe66\" data-element_type=\"section\">\n\t\t\t\t\t\t<div class=\"elementor-container elementor-column-gap-default\">\n\t\t\t\t\t<div class=\"elementor-column elementor-col-50 elementor-inner-column elementor-element elementor-element-3fb0773\" data-id=\"3fb0773\" data-element_type=\"column\">\n\t\t\t<div class=\"elementor-widget-wrap elementor-element-populated\">\n\t\t\t\t\t\t\t\t<div class=\"elementor-element elementor-element-97c3c55 elementor-widget elementor-widget-text-editor\" data-id=\"97c3c55\" data-element_type=\"widget\" data-widget_type=\"text-editor.default\">\n\t\t\t\t<div class=\"elementor-widget-container\">\n\t\t\t\t\t\t\t\t<h2><b>Transport farmaceutyczny \u2013 jakie s\u0105 zasady przewozu?<\/b><\/h2>\n<p><span style=\"color: var( --e-global-color-text ); font-family: var( --e-global-typography-text-font-family ), Sans-serif; font-weight: var( --e-global-typography-text-font-weight ); font-size: 1rem;\">Leki oraz wyroby medyczne s\u0105 bardzo wra\u017cliwymi preparatami. Przewo\u017cone lub przechowywane w nieodpowiednich warunkach, mog\u0105 straci\u0107 swoje w\u0142a\u015bciwo\u015bci, nawet sta\u0107 si\u0119 szkodliwe. Dlatego transport farmaceutyczny musi by\u0107 realizowany w \u015bci\u015ble kontrolowanych warunkach. Czyli jakich? Oto najwa\u017cniejsze informacje.<\/span><\/p>\n<p><a href=\"http:\/\/spedycyjnie.pl\/transport-farmaceutyczny-jakie-sa-zasady-przewozu\/\" target=\"_blank\" rel=\"noopener\">http:\/\/spedycyjnie.pl\/transport-farmaceutyczny-jakie-sa-zasady-przewozu\/<\/a><\/p>\t\t\t\t\t\t<\/div>\n\t\t\t\t<\/div>\n\t\t\t\t<div class=\"elementor-element elementor-element-a3efab7 elementor-widget-divider--separator-type-pattern elementor-widget-divider--view-line elementor-widget elementor-widget-divider\" data-id=\"a3efab7\" data-element_type=\"widget\" data-widget_type=\"divider.default\">\n\t\t\t\t<div class=\"elementor-widget-container\">\n\t\t\t\t\t<div class=\"elementor-divider\" style=\"--divider-pattern-url: url(&quot;data:image\/svg+xml,%3Csvg xmlns=&#039;http:\/\/www.w3.org\/2000\/svg&#039; preserveAspectRatio=&#039;none&#039; overflow=&#039;visible&#039; height=&#039;100%&#039; viewBox=&#039;0 0 20 16&#039; fill=&#039;none&#039; stroke=&#039;black&#039; stroke-width=&#039;1&#039; stroke-linecap=&#039;square&#039; stroke-miterlimit=&#039;10&#039;%3E%3Cg transform=&#039;translate(-12.000000, 0)&#039;%3E%3Cpath d=&#039;M28,0L10,18&#039;\/%3E%3Cpath d=&#039;M18,0L0,18&#039;\/%3E%3Cpath d=&#039;M48,0L30,18&#039;\/%3E%3Cpath d=&#039;M38,0L20,18&#039;\/%3E%3C\/g%3E%3C\/svg%3E&quot;);\">\n\t\t\t<span class=\"elementor-divider-separator\">\n\t\t\t\t\t\t<\/span>\n\t\t<\/div>\n\t\t\t\t<\/div>\n\t\t\t\t<\/div>\n\t\t\t\t<div class=\"elementor-element elementor-element-098e93f elementor-widget elementor-widget-text-editor\" data-id=\"098e93f\" data-element_type=\"widget\" data-widget_type=\"text-editor.default\">\n\t\t\t\t<div class=\"elementor-widget-container\">\n\t\t\t\t\t\t\t\t<h2><b>Zmiany w zasadach transportu farmaceutycznego \u2013 najwa\u017cniejsze informacje.<br \/><\/b><span style=\"color: var( --e-global-color-text ); font-family: var( --e-global-typography-text-font-family ), Sans-serif; font-weight: var( --e-global-typography-text-font-weight ); font-size: 1rem;\">Transport lek\u00f3w i innych wyrob\u00f3w farmaceutycznych niesie za sob\u0105 powa\u017cne wyzwania. S\u0105 to wyroby, kt\u00f3rych przew\u00f3z wymaga zachowania bezkompromisowego zadbania o zasady bezpiecze\u0144stwa. Nale\u017cy zapewni\u0107 im przede wszystkim odpowiedni\u0105 temperatur\u0119 na ka\u017cdym etapie przewozu \u2013 nawet chwilowe jej wahania mog\u0105 doprowadzi\u0107 do utraty w\u0142a\u015bciwo\u015bci farmaceutyk\u00f3w.<\/span><\/h2><p><a href=\"https:\/\/biznews.com.pl\/transport-i-motoryzacja\/21629-zmiany-w-zasadach-transportu-farmaceutycznego-najwazniejsze-informacje\" target=\"_blank\" rel=\"noopener\">https:\/\/biznews.com.pl\/transport-i-motoryzacja\/21629-zmiany-w-zasadach-transportu-farmaceutycznego-najwazniejsze-informacje<\/a><\/p>\t\t\t\t\t\t<\/div>\n\t\t\t\t<\/div>\n\t\t\t\t<div class=\"elementor-element elementor-element-18d27c3 elementor-widget-divider--separator-type-pattern elementor-widget-divider--view-line elementor-widget elementor-widget-divider\" data-id=\"18d27c3\" data-element_type=\"widget\" data-widget_type=\"divider.default\">\n\t\t\t\t<div class=\"elementor-widget-container\">\n\t\t\t\t\t<div class=\"elementor-divider\" style=\"--divider-pattern-url: url(&quot;data:image\/svg+xml,%3Csvg xmlns=&#039;http:\/\/www.w3.org\/2000\/svg&#039; preserveAspectRatio=&#039;none&#039; overflow=&#039;visible&#039; height=&#039;100%&#039; viewBox=&#039;0 0 20 16&#039; fill=&#039;none&#039; stroke=&#039;black&#039; stroke-width=&#039;1&#039; stroke-linecap=&#039;square&#039; stroke-miterlimit=&#039;10&#039;%3E%3Cg transform=&#039;translate(-12.000000, 0)&#039;%3E%3Cpath d=&#039;M28,0L10,18&#039;\/%3E%3Cpath d=&#039;M18,0L0,18&#039;\/%3E%3Cpath d=&#039;M48,0L30,18&#039;\/%3E%3Cpath d=&#039;M38,0L20,18&#039;\/%3E%3C\/g%3E%3C\/svg%3E&quot;);\">\n\t\t\t<span class=\"elementor-divider-separator\">\n\t\t\t\t\t\t<\/span>\n\t\t<\/div>\n\t\t\t\t<\/div>\n\t\t\t\t<\/div>\n\t\t\t\t<div class=\"elementor-element elementor-element-2a624cd elementor-widget elementor-widget-text-editor\" data-id=\"2a624cd\" data-element_type=\"widget\" data-widget_type=\"text-editor.default\">\n\t\t\t\t<div class=\"elementor-widget-container\">\n\t\t\t\t\t\t\t\t<h2 class=\"entry-title\" style=\"font-family: -apple-system, BlinkMacSystemFont, 'Segoe UI', Roboto, 'Helvetica Neue', Arial, 'Noto Sans', sans-serif; color: #333333;\"><b>Og<\/b><a style=\"color: #333366;\" href=\"https:\/\/cordis-logistics.pl\/cz\/ogolnopolska-konferencja-naukowa-ekonomiczne-skutki-pandemii-edycja-ii-z-udzialem-cordis-logistic-za-nami\/\"><b>\u00f3lnopolska Konferencja Naukowa \u201eEkonomiczne skutki pandemii \u2013 edycja II\u201d z\u00a0udzia\u0142em Cordis Logistic za\u00a0nami<\/b><\/a><b>.<\/b><br \/><span style=\"font-weight: var( --e-global-typography-text-font-weight ); font-size: 1rem;\">Pandemia koronawirusa wywo\u0142a\u0142a drastyczne zmiany na\u00a0rynku. Niekt\u00f3re bran\u017ce z\u00a0uwagi na\u00a0lockdown i\u00a0obostrzenia sanitarne niemal zupe\u0142nie zamar\u0142y, inne musz\u0105 radzi\u0107 sobie ze\u00a0skutkami ubocznymi sytuacji po\u00a0COVID-19. Cordis Logistic aktywnie uczestniczy w\u00a0dyskusji o\u00a0ekonomicznych skutkach obecnej sytuacji. Dlatego wzi\u0119li\u015bmy udzia\u0142 w\u00a0Og\u00f3lnopolskiej Konferencji Naukowej \u201eEkonomiczne skutki pandemii \u2013 edycja II\u201d. Og\u00f3lnopolska Konferencja Naukowa \u201eEkonomiczne skutki pandemii \u2013 edycja II\u201d \u2013 najwa\u017cniejsze<\/span><\/h2>\t\t\t\t\t\t<\/div>\n\t\t\t\t<\/div>\n\t\t\t\t\t<\/div>\n\t\t<\/div>\n\t\t\t\t<div class=\"elementor-column elementor-col-50 elementor-inner-column elementor-element elementor-element-78d92f3\" data-id=\"78d92f3\" data-element_type=\"column\">\n\t\t\t<div class=\"elementor-widget-wrap\">\n\t\t\t\t\t\t\t\t\t<\/div>\n\t\t<\/div>\n\t\t\t\t\t\t\t<\/div>\n\t\t<\/section>\n\t\t\t\t<section class=\"elementor-section elementor-inner-section elementor-element elementor-element-dec772e elementor-section-boxed elementor-section-height-default elementor-section-height-default\" data-id=\"dec772e\" data-element_type=\"section\">\n\t\t\t\t\t\t<div class=\"elementor-container elementor-column-gap-default\">\n\t\t\t\t\t<div class=\"elementor-column elementor-col-100 elementor-inner-column elementor-element elementor-element-648d986\" data-id=\"648d986\" data-element_type=\"column\">\n\t\t\t<div class=\"elementor-widget-wrap elementor-element-populated\">\n\t\t\t\t\t\t\t\t<div class=\"elementor-element elementor-element-1ef8f7e elementor-widget-divider--separator-type-pattern elementor-widget-divider--view-line elementor-widget elementor-widget-divider\" data-id=\"1ef8f7e\" data-element_type=\"widget\" data-widget_type=\"divider.default\">\n\t\t\t\t<div class=\"elementor-widget-container\">\n\t\t\t\t\t<div class=\"elementor-divider\" style=\"--divider-pattern-url: url(&quot;data:image\/svg+xml,%3Csvg xmlns=&#039;http:\/\/www.w3.org\/2000\/svg&#039; preserveAspectRatio=&#039;none&#039; overflow=&#039;visible&#039; height=&#039;100%&#039; viewBox=&#039;0 0 20 16&#039; fill=&#039;none&#039; stroke=&#039;black&#039; stroke-width=&#039;1&#039; stroke-linecap=&#039;square&#039; stroke-miterlimit=&#039;10&#039;%3E%3Cg transform=&#039;translate(-12.000000, 0)&#039;%3E%3Cpath d=&#039;M28,0L10,18&#039;\/%3E%3Cpath d=&#039;M18,0L0,18&#039;\/%3E%3Cpath d=&#039;M48,0L30,18&#039;\/%3E%3Cpath d=&#039;M38,0L20,18&#039;\/%3E%3C\/g%3E%3C\/svg%3E&quot;);\">\n\t\t\t<span class=\"elementor-divider-separator\">\n\t\t\t\t\t\t<\/span>\n\t\t<\/div>\n\t\t\t\t<\/div>\n\t\t\t\t<\/div>\n\t\t\t\t<div class=\"elementor-element elementor-element-5f4b4d4 elementor-widget elementor-widget-text-editor\" data-id=\"5f4b4d4\" data-element_type=\"widget\" data-widget_type=\"text-editor.default\">\n\t\t\t\t<div class=\"elementor-widget-container\">\n\t\t\t\t\t\t\t\t<h2><b>Byly zve\u0159ejn\u011bny hodnot\u00edc\u00ed seznamy zam\u011bstnavatel\u016f p\u0159ijat\u00fdch pro st\u00e1\u017ee.<\/b><\/h2><p><strong>Seznamy spole\u010dnost\u00ed p\u0159ijat\u00fdch pro projekty:<\/strong><\/p><p><strong>\u201eNov\u00e1 kvalita - nov\u00e9 mo\u017enosti. Integrovan\u00fd program rozvoje univerzity \u201c:<\/strong><\/p><p><a href=\"http:\/\/www.biurokarier.wroclaw.pl\/pracodawcy\/22905\/program_stazowy_zpu2_ekonomia_zarzadzanie_msg_logistyka_finanse_i_rach.html\" rel=\"nofollow\">http:\/\/www.biurokarier.wroclaw.pl\/pracodawcy\/22905\/program_stazowy_zpu2_ekonomia_zarzadzanie_msg_logistyka_finanse_i_rach.html<\/a><\/p><p><strong>\u201eVratislavsk\u00e1 ekonomick\u00e1 univerzita jako p\u0159edn\u00ed st\u0159edisko ekonomick\u00e9ho vzd\u011bl\u00e1v\u00e1n\u00ed v Doln\u00edm Slezsku\u201c<\/strong>:<\/p><p><a href=\"http:\/\/www.biurokarier.wroclaw.pl\/pracodawcy\/22906\/program_stazowy_zpur_informatyka_w_biznesie.html\" rel=\"nofollow\">http:\/\/www.biurokarier.wroclaw.pl\/pracodawcy\/22906\/program_stazowy_zpur_informatyka_w_biznesie.html<\/a><\/p>\t\t\t\t\t\t<\/div>\n\t\t\t\t<\/div>\n\t\t\t\t<div class=\"elementor-element elementor-element-f7b9e18 elementor-widget-divider--separator-type-pattern elementor-widget-divider--view-line elementor-widget elementor-widget-divider\" data-id=\"f7b9e18\" data-element_type=\"widget\" data-widget_type=\"divider.default\">\n\t\t\t\t<div class=\"elementor-widget-container\">\n\t\t\t\t\t<div class=\"elementor-divider\" style=\"--divider-pattern-url: url(&quot;data:image\/svg+xml,%3Csvg xmlns=&#039;http:\/\/www.w3.org\/2000\/svg&#039; preserveAspectRatio=&#039;none&#039; overflow=&#039;visible&#039; height=&#039;100%&#039; viewBox=&#039;0 0 20 16&#039; fill=&#039;none&#039; stroke=&#039;black&#039; stroke-width=&#039;1&#039; stroke-linecap=&#039;square&#039; stroke-miterlimit=&#039;10&#039;%3E%3Cg transform=&#039;translate(-12.000000, 0)&#039;%3E%3Cpath d=&#039;M28,0L10,18&#039;\/%3E%3Cpath d=&#039;M18,0L0,18&#039;\/%3E%3Cpath d=&#039;M48,0L30,18&#039;\/%3E%3Cpath d=&#039;M38,0L20,18&#039;\/%3E%3C\/g%3E%3C\/svg%3E&quot;);\">\n\t\t\t<span class=\"elementor-divider-separator\">\n\t\t\t\t\t\t<\/span>\n\t\t<\/div>\n\t\t\t\t<\/div>\n\t\t\t\t<\/div>\n\t\t\t\t<div class=\"elementor-element elementor-element-103c91d elementor-widget elementor-widget-text-editor\" data-id=\"103c91d\" data-element_type=\"widget\" data-widget_type=\"text-editor.default\">\n\t\t\t\t<div class=\"elementor-widget-container\">\n\t\t\t\t\t\t\t\t<h2><strong>Dopad trhu elektronick\u00e9ho obchodov\u00e1n\u00ed na rozvoj pr\u016fmyslu CEP. Jak m\u016f\u017eete tento potenci\u00e1l co nejl\u00e9pe vyu\u017e\u00edt?<\/strong><\/h2><p>Jak m\u016f\u017ee odv\u011btv\u00ed elektronick\u00e9ho obchodov\u00e1n\u00ed ovlivnit trh kur\u00fdr\u016f, expresn\u00edch z\u00e1silek a bal\u00edk\u016f? Zjist\u011bte, jak nejl\u00e9pe vyu\u017e\u00edt tento potenci\u00e1l ve sv\u00e9m podnik\u00e1n\u00ed - p\u0159e\u010dt\u011bte si cel\u00fd \u010dl\u00e1nek, kter\u00fd najdete <a href=\"http:\/\/inwestycyjneabc.pl\/wplyw-rynku-e-commerce-na-rozwoj-branzy-kep-jak-najlepiej-wykorzystac-ten-potencjal\/\" target=\"_blank\" rel=\"nofollow noopener\">na tomto odkazu. <\/a><\/p>\t\t\t\t\t\t<\/div>\n\t\t\t\t<\/div>\n\t\t\t\t<div class=\"elementor-element elementor-element-35e3240 elementor-widget-divider--separator-type-pattern elementor-widget-divider--view-line elementor-widget elementor-widget-divider\" data-id=\"35e3240\" data-element_type=\"widget\" data-widget_type=\"divider.default\">\n\t\t\t\t<div class=\"elementor-widget-container\">\n\t\t\t\t\t<div class=\"elementor-divider\" style=\"--divider-pattern-url: url(&quot;data:image\/svg+xml,%3Csvg xmlns=&#039;http:\/\/www.w3.org\/2000\/svg&#039; preserveAspectRatio=&#039;none&#039; overflow=&#039;visible&#039; height=&#039;100%&#039; viewBox=&#039;0 0 20 16&#039; fill=&#039;none&#039; stroke=&#039;black&#039; stroke-width=&#039;1&#039; stroke-linecap=&#039;square&#039; stroke-miterlimit=&#039;10&#039;%3E%3Cg transform=&#039;translate(-12.000000, 0)&#039;%3E%3Cpath d=&#039;M28,0L10,18&#039;\/%3E%3Cpath d=&#039;M18,0L0,18&#039;\/%3E%3Cpath d=&#039;M48,0L30,18&#039;\/%3E%3Cpath d=&#039;M38,0L20,18&#039;\/%3E%3C\/g%3E%3C\/svg%3E&quot;);\">\n\t\t\t<span class=\"elementor-divider-separator\">\n\t\t\t\t\t\t<\/span>\n\t\t<\/div>\n\t\t\t\t<\/div>\n\t\t\t\t<\/div>\n\t\t\t\t<div class=\"elementor-element elementor-element-cadab95 elementor-widget elementor-widget-text-editor\" data-id=\"cadab95\" data-element_type=\"widget\" data-widget_type=\"text-editor.default\">\n\t\t\t\t<div class=\"elementor-widget-container\">\n\t\t\t\t\t\t\t\t<h2 class=\"entry-title\" style=\"font-family: gill-sans-nova, sans-serif; color: #7f7f7f;\"><span style=\"font-weight: bolder;\">Logistick\u00fd outsourcing nebo jak zv\u00fd\u0161it prodej v internetov\u00e9m obchod\u011b?<\/span><\/h2><p style=\"font-size: 16px;\">Pro\u010d stoj\u00ed za to zv\u00e1\u017eit outsourcing logistiky? Jak\u00e9 jsou v\u00fdhody outsourcingu logistiky? Ztr\u00e1c\u00edme kontrolu nad touto \u010d\u00e1st\u00ed na\u0161eho podnik\u00e1n\u00ed t\u00edm, \u017ee jsme se rozhodli pro tento typ slu\u017eby? - p\u0159e\u010dt\u011bte si cel\u00fd \u010dl\u00e1nek, kter\u00fd najdete\u00a0<a href=\"http:\/\/spedycyjnie.pl\/outsourcing-logistyki-czyli-jak-zwiekszyc-sprzedaz-w-sklepie-internetowym\/\" target=\"_blank\" rel=\"nofollow noopener\">na tomto odkazu.<\/a><\/p>\t\t\t\t\t\t<\/div>\n\t\t\t\t<\/div>\n\t\t\t\t<div class=\"elementor-element elementor-element-972cd35 elementor-widget-divider--separator-type-pattern elementor-widget-divider--view-line elementor-widget elementor-widget-divider\" data-id=\"972cd35\" data-element_type=\"widget\" data-widget_type=\"divider.default\">\n\t\t\t\t<div class=\"elementor-widget-container\">\n\t\t\t\t\t<div class=\"elementor-divider\" style=\"--divider-pattern-url: url(&quot;data:image\/svg+xml,%3Csvg xmlns=&#039;http:\/\/www.w3.org\/2000\/svg&#039; preserveAspectRatio=&#039;none&#039; overflow=&#039;visible&#039; height=&#039;100%&#039; viewBox=&#039;0 0 20 16&#039; fill=&#039;none&#039; stroke=&#039;black&#039; stroke-width=&#039;1&#039; stroke-linecap=&#039;square&#039; stroke-miterlimit=&#039;10&#039;%3E%3Cg transform=&#039;translate(-12.000000, 0)&#039;%3E%3Cpath d=&#039;M28,0L10,18&#039;\/%3E%3Cpath d=&#039;M18,0L0,18&#039;\/%3E%3Cpath d=&#039;M48,0L30,18&#039;\/%3E%3Cpath d=&#039;M38,0L20,18&#039;\/%3E%3C\/g%3E%3C\/svg%3E&quot;);\">\n\t\t\t<span class=\"elementor-divider-separator\">\n\t\t\t\t\t\t<\/span>\n\t\t<\/div>\n\t\t\t\t<\/div>\n\t\t\t\t<\/div>\n\t\t\t\t<div class=\"elementor-element elementor-element-13d326a elementor-widget elementor-widget-text-editor\" data-id=\"13d326a\" data-element_type=\"widget\" data-widget_type=\"text-editor.default\">\n\t\t\t\t<div class=\"elementor-widget-container\">\n\t\t\t\t\t\t\t\t<p><strong>Logistika v elektronick\u00e9m obchodov\u00e1n\u00ed - pro\u010d se vyplat\u00ed vyu\u017e\u00edvat pomoc extern\u00edch spole\u010dnost\u00ed?<\/strong><\/p><p>Co je to logistika elektronick\u00e9ho obchodov\u00e1n\u00ed? Pro\u010d stoj\u00ed za zv\u00e1\u017een\u00ed spolupr\u00e1ce se spole\u010dnostmi nab\u00edzej\u00edc\u00edmi logistick\u00e9 a spedi\u010dn\u00ed slu\u017eby? Jak\u00e9 mohou b\u00fdt skute\u010dn\u00e9 v\u00fdhody takov\u00e9 spolupr\u00e1ce? - p\u0159e\u010dt\u011bte si cel\u00fd \u010dl\u00e1nek, kter\u00fd najdete <a href=\"http:\/\/bdk-info.pl\/logistyka-w-e-commerce-dlaczego-warto-korzystac-z-pomocy-firm-zewnetrznych\/\" target=\"_blank\" rel=\"nofollow noopener\">na tomto odkazu.<\/a><\/p>\t\t\t\t\t\t<\/div>\n\t\t\t\t<\/div>\n\t\t\t\t\t<\/div>\n\t\t<\/div>\n\t\t\t\t\t\t\t<\/div>\n\t\t<\/section>\n\t\t\t\t\t<\/div>\n\t\t<\/div>\n\t\t\t\t\t\t\t<\/div>\n\t\t<\/section>\n\t\t\t\t<section class=\"elementor-section elementor-top-section elementor-element elementor-element-6b26855 elementor-section-boxed elementor-section-height-default elementor-section-height-default\" data-id=\"6b26855\" data-element_type=\"section\">\n\t\t\t\t\t\t<div class=\"elementor-container elementor-column-gap-default\">\n\t\t\t\t\t<div class=\"elementor-column elementor-col-100 elementor-top-column elementor-element elementor-element-867a994\" data-id=\"867a994\" data-element_type=\"column\">\n\t\t\t<div class=\"elementor-widget-wrap elementor-element-populated\">\n\t\t\t\t\t\t\t\t<div class=\"elementor-element elementor-element-4ebfba8 elementor-widget elementor-widget-text-editor\" data-id=\"4ebfba8\" data-element_type=\"widget\" data-widget_type=\"text-editor.default\">\n\t\t\t\t<div class=\"elementor-widget-container\">\n\t\t\t\t\t\t\t\t<p style=\"text-align: center;\"><span style=\"font-size: 1rem;\">Kontakt: csr@cordis-logistics.pl<\/span><\/p>\t\t\t\t\t\t<\/div>\n\t\t\t\t<\/div>\n\t\t\t\t\t<\/div>\n\t\t<\/div>\n\t\t\t\t\t\t\t<\/div>\n\t\t<\/section>\n\t\t\t\t\t\t<\/div>\n\t\t\t\t\t<\/div>","protected":false},"excerpt":{"rendered":"<p>Cordis i logistyka w mediach WARTO PRZECZYTA\u0106 Polecane artyku\u0142y, z kt\u00f3rych dowiesz si\u0119 wi\u0119cej o logistyce, magazynowaniu i naszej firmie. Transport farmaceutyczny \u2013 jakie s\u0105 zasady przewozu? Leki oraz wyroby medyczne s\u0105 bardzo wra\u017cliwymi preparatami. Przewo\u017cone lub przechowywane w nieodpowiednich warunkach, mog\u0105 straci\u0107 swoje w\u0142a\u015bciwo\u015bci, nawet sta\u0107 si\u0119 szkodliwe. Dlatego transport farmaceutyczny musi by\u0107 realizowany [&hellip;]<\/p>","protected":false},"author":2,"featured_media":0,"parent":351,"menu_order":0,"comment_status":"closed","ping_status":"closed","template":"","meta":[],"yoast_head":"<!-- This site is optimized with the Yoast SEO plugin v20.5 - https:\/\/yoast.com\/wordpress\/plugins\/seo\/ -->\n<title>O nas w mediach - Cordis Logistics<\/title>\n<meta name=\"robots\" content=\"noindex, nofollow\" \/>\n<meta property=\"og:locale\" content=\"cs_CZ\" \/>\n<meta property=\"og:type\" content=\"article\" \/>\n<meta property=\"og:title\" content=\"O nas w mediach - Cordis Logistics\" \/>\n<meta property=\"og:description\" content=\"Cordis i logistyka w mediach WARTO PRZECZYTA\u0106 Polecane artyku\u0142y, z kt\u00f3rych dowiesz si\u0119 wi\u0119cej o logistyce, magazynowaniu i naszej firmie. Transport farmaceutyczny \u2013 jakie s\u0105 zasady przewozu? Leki oraz wyroby medyczne s\u0105 bardzo wra\u017cliwymi preparatami. Przewo\u017cone lub przechowywane w nieodpowiednich warunkach, mog\u0105 straci\u0107 swoje w\u0142a\u015bciwo\u015bci, nawet sta\u0107 si\u0119 szkodliwe. Dlatego transport farmaceutyczny musi by\u0107 realizowany [&hellip;]\" \/>\n<meta property=\"og:url\" content=\"https:\/\/cordis-logistics.pl\/cz\/o-nas\/w-mediach\/\" \/>\n<meta property=\"og:site_name\" content=\"Cordis Logistics\" \/>\n<meta property=\"article:modified_time\" content=\"2023-04-23T21:42:39+00:00\" \/>\n<meta name=\"twitter:card\" content=\"summary_large_image\" \/>\n<meta name=\"twitter:label1\" content=\"Odhadovan\u00e1 doba \u010dten\u00ed\" \/>\n\t<meta name=\"twitter:data1\" content=\"3 minuty\" \/>\n<script type=\"application\/ld+json\" class=\"yoast-schema-graph\">{\"@context\":\"https:\/\/schema.org\",\"@graph\":[{\"@type\":\"WebPage\",\"@id\":\"https:\/\/cordis-logistics.pl\/o-nas\/w-mediach\/\",\"url\":\"https:\/\/cordis-logistics.pl\/o-nas\/w-mediach\/\",\"name\":\"O nas w mediach - Cordis Logistics\",\"isPartOf\":{\"@id\":\"https:\/\/cordis-logistics.pl\/#website\"},\"datePublished\":\"2020-12-17T20:55:49+00:00\",\"dateModified\":\"2023-04-23T21:42:39+00:00\",\"breadcrumb\":{\"@id\":\"https:\/\/cordis-logistics.pl\/o-nas\/w-mediach\/#breadcrumb\"},\"inLanguage\":\"cs\",\"potentialAction\":[{\"@type\":\"ReadAction\",\"target\":[\"https:\/\/cordis-logistics.pl\/o-nas\/w-mediach\/\"]}]},{\"@type\":\"BreadcrumbList\",\"@id\":\"https:\/\/cordis-logistics.pl\/o-nas\/w-mediach\/#breadcrumb\",\"itemListElement\":[{\"@type\":\"ListItem\",\"position\":1,\"name\":\"Dom\u016f\",\"item\":\"https:\/\/cordis-logistics.pl\/\"},{\"@type\":\"ListItem\",\"position\":2,\"name\":\"O nas\",\"item\":\"https:\/\/cordis-logistics.pl\/o-nas\/\"},{\"@type\":\"ListItem\",\"position\":3,\"name\":\"O nas w mediach\"}]},{\"@type\":\"WebSite\",\"@id\":\"https:\/\/cordis-logistics.pl\/#website\",\"url\":\"https:\/\/cordis-logistics.pl\/\",\"name\":\"Cordis Logistics\",\"description\":\"Systemowe rozwi\u0105zania dla \u0142a\u0144cucha dostaw\",\"potentialAction\":[{\"@type\":\"SearchAction\",\"target\":{\"@type\":\"EntryPoint\",\"urlTemplate\":\"https:\/\/cordis-logistics.pl\/?s={search_term_string}\"},\"query-input\":\"required name=search_term_string\"}],\"inLanguage\":\"cs\"}]}<\/script>\n<!-- \/ Yoast SEO plugin. -->","yoast_head_json":{"title":"O nas w mediach - Cordis Logistics","robots":{"index":"noindex","follow":"nofollow"},"og_locale":"cs_CZ","og_type":"article","og_title":"O nas w mediach - Cordis Logistics","og_description":"Cordis i logistyka w mediach WARTO PRZECZYTA\u0106 Polecane artyku\u0142y, z kt\u00f3rych dowiesz si\u0119 wi\u0119cej o logistyce, magazynowaniu i naszej firmie. Transport farmaceutyczny \u2013 jakie s\u0105 zasady przewozu? Leki oraz wyroby medyczne s\u0105 bardzo wra\u017cliwymi preparatami. Przewo\u017cone lub przechowywane w nieodpowiednich warunkach, mog\u0105 straci\u0107 swoje w\u0142a\u015bciwo\u015bci, nawet sta\u0107 si\u0119 szkodliwe. Dlatego transport farmaceutyczny musi by\u0107 realizowany [&hellip;]","og_url":"https:\/\/cordis-logistics.pl\/cz\/o-nas\/w-mediach\/","og_site_name":"Cordis Logistics","article_modified_time":"2023-04-23T21:42:39+00:00","twitter_card":"summary_large_image","twitter_misc":{"Odhadovan\u00e1 doba \u010dten\u00ed":"3 minuty"},"schema":{"@context":"https:\/\/schema.org","@graph":[{"@type":"WebPage","@id":"https:\/\/cordis-logistics.pl\/o-nas\/w-mediach\/","url":"https:\/\/cordis-logistics.pl\/o-nas\/w-mediach\/","name":"O nas w mediach - Cordis Logistics","isPartOf":{"@id":"https:\/\/cordis-logistics.pl\/#website"},"datePublished":"2020-12-17T20:55:49+00:00","dateModified":"2023-04-23T21:42:39+00:00","breadcrumb":{"@id":"https:\/\/cordis-logistics.pl\/o-nas\/w-mediach\/#breadcrumb"},"inLanguage":"cs","potentialAction":[{"@type":"ReadAction","target":["https:\/\/cordis-logistics.pl\/o-nas\/w-mediach\/"]}]},{"@type":"BreadcrumbList","@id":"https:\/\/cordis-logistics.pl\/o-nas\/w-mediach\/#breadcrumb","itemListElement":[{"@type":"ListItem","position":1,"name":"Dom\u016f","item":"https:\/\/cordis-logistics.pl\/"},{"@type":"ListItem","position":2,"name":"O nas","item":"https:\/\/cordis-logistics.pl\/o-nas\/"},{"@type":"ListItem","position":3,"name":"O nas w mediach"}]},{"@type":"WebSite","@id":"https:\/\/cordis-logistics.pl\/#website","url":"https:\/\/cordis-logistics.pl\/","name":"Cordis Logistics","description":"Systemowe rozwi\u0105zania dla \u0142a\u0144cucha dostaw","potentialAction":[{"@type":"SearchAction","target":{"@type":"EntryPoint","urlTemplate":"https:\/\/cordis-logistics.pl\/?s={search_term_string}"},"query-input":"required name=search_term_string"}],"inLanguage":"cs"}]}},"_links":{"self":[{"href":"https:\/\/cordis-logistics.pl\/cz\/wp-json\/wp\/v2\/pages\/984"}],"collection":[{"href":"https:\/\/cordis-logistics.pl\/cz\/wp-json\/wp\/v2\/pages"}],"about":[{"href":"https:\/\/cordis-logistics.pl\/cz\/wp-json\/wp\/v2\/types\/page"}],"author":[{"embeddable":true,"href":"https:\/\/cordis-logistics.pl\/cz\/wp-json\/wp\/v2\/users\/2"}],"replies":[{"embeddable":true,"href":"https:\/\/cordis-logistics.pl\/cz\/wp-json\/wp\/v2\/comments?post=984"}],"version-history":[{"count":37,"href":"https:\/\/cordis-logistics.pl\/cz\/wp-json\/wp\/v2\/pages\/984\/revisions"}],"predecessor-version":[{"id":1729,"href":"https:\/\/cordis-logistics.pl\/cz\/wp-json\/wp\/v2\/pages\/984\/revisions\/1729"}],"up":[{"embeddable":true,"href":"https:\/\/cordis-logistics.pl\/cz\/wp-json\/wp\/v2\/pages\/351"}],"wp:attachment":[{"href":"https:\/\/cordis-logistics.pl\/cz\/wp-json\/wp\/v2\/media?parent=984"}],"curies":[{"name":"wp","href":"https:\/\/api.w.org\/{rel}","templated":true}]}}