{"id":25,"date":"2020-02-06T11:48:47","date_gmt":"2020-02-06T10:48:47","guid":{"rendered":"https:\/\/cordis-logistics.pl\/?page_id=25"},"modified":"2025-11-03T11:50:45","modified_gmt":"2025-11-03T10:50:45","slug":"home","status":"publish","type":"page","link":"https:\/\/cordis-logistics.pl\/de\/","title":{"rendered":"Home"},"content":{"rendered":"<div data-elementor-type=\"wp-page\" data-elementor-id=\"25\" class=\"elementor elementor-25\" data-elementor-settings=\"[]\">\n\t\t\t\t\t\t\t<div class=\"elementor-section-wrap\">\n\t\t\t\t\t\t\t<section class=\"elementor-section elementor-top-section elementor-element elementor-element-added3f elementor-section-full_width elementor-section-content-top elementor-section-height-min-height elementor-section-items-top elementor-section-height-default\" data-id=\"added3f\" data-element_type=\"section\">\n\t\t\t\t\t\t<div class=\"elementor-container elementor-column-gap-default\">\n\t\t\t\t\t<div class=\"elementor-column elementor-col-50 elementor-top-column elementor-element elementor-element-6905a0f\" data-id=\"6905a0f\" data-element_type=\"column\" data-settings=\"{&quot;background_background&quot;:&quot;classic&quot;}\">\n\t\t\t<div class=\"elementor-widget-wrap elementor-element-populated\">\n\t\t\t\t\t\t\t\t<div class=\"elementor-element elementor-element-c6ece70 elementor-widget elementor-widget-image\" data-id=\"c6ece70\" data-element_type=\"widget\" data-widget_type=\"image.default\">\n\t\t\t\t<div class=\"elementor-widget-container\">\n\t\t\t\t\t\t\t\t\t\t\t\t\t\t\t\t<a href=\"https:\/\/cordis-logistics.pl\/de\/\">\n\t\t\t\t\t\t\t<img width=\"300\" height=\"143\" src=\"https:\/\/cordis-logistics.pl\/wp-content\/uploads\/2022\/01\/logistics-logo-300x143.png\" class=\"attachment-medium size-medium\" alt=\"\" decoding=\"async\" loading=\"lazy\" srcset=\"https:\/\/cordis-logistics.pl\/wp-content\/uploads\/2022\/01\/logistics-logo-300x143.png 300w,  https:\/\/cordis-logistics.pl\/wp-content\/uploads\/2022\/01\/logistics-logo-1024x487.png 1024w,  https:\/\/cordis-logistics.pl\/wp-content\/uploads\/2022\/01\/logistics-logo-768x365.png 768w,  https:\/\/cordis-logistics.pl\/wp-content\/uploads\/2022\/01\/logistics-logo-16x8.png 16w,  https:\/\/cordis-logistics.pl\/wp-content\/uploads\/2022\/01\/logistics-logo.png 1302w\" sizes=\"(max-width: 300px) 100vw, 300px\" \/>\t\t\t\t\t\t\t\t<\/a>\n\t\t\t\t\t\t\t\t\t\t\t\t\t\t\t<\/div>\n\t\t\t\t<\/div>\n\t\t\t\t<div class=\"elementor-element elementor-element-ef2fdef elementor-widget elementor-widget-heading\" data-id=\"ef2fdef\" data-element_type=\"widget\" data-widget_type=\"heading.default\">\n\t\t\t\t<div class=\"elementor-widget-container\">\n\t\t\t<h1 class=\"elementor-heading-title elementor-size-large\">Systeml\u00f6sungen f\u00fcr die Lieferkette:<\/h1>\t\t<\/div>\n\t\t\t\t<\/div>\n\t\t\t\t<div class=\"elementor-element elementor-element-5063fd9 elementor-align-left elementor-widget elementor-widget-bdt-advanced-button\" data-id=\"5063fd9\" data-element_type=\"widget\" data-widget_type=\"bdt-advanced-button.default\">\n\t\t\t\t<div class=\"elementor-widget-container\">\n\t\t\t\t\t<div class=\"bdt-ep-button-wrapper\">\n\t\t\t<a href=\"https:\/\/cordis-logistics.pl\/de\/oferta\/transport\/\" class=\"bdt-ep-button bdt-ep-button-effect-a bdt-ep-button-size-sm\">\n\t\t\t\t\t\t<div class=\"bdt-ep-button-content-wrapper bdt-flex bdt-flex-middle bdt-flex-center\" data-text=\"Transport\">\n\t\t\t\t\t\t\t<div class=\"bdt-ep-button-icon bdt-flex-center bdt-flex-align-right\">\n\t\t\t\t\t<div class=\"bdt-ep-button-icon-inner\">\n\n\t\t\t\t\t<i aria-hidden=\"true\" class=\"fa-fw fas fa-angle-right\"><\/i>\n\t\t\t\t\t<\/div>\n\t\t\t\t<\/div>\n\t\t\t\n\t\t\t<div class=\"bdt-ep-button-text\">\n\n                <span class=\"avdbtn-text\">Transport<\/span>\n\n\t\t\t\t            <\/div>\n\n\t\t\t\n\t\t<\/div>\n\t\t\t\t\t<\/a>\n\t\t<\/div>\n\t\t\t\t<\/div>\n\t\t\t\t<\/div>\n\t\t\t\t<div class=\"elementor-element elementor-element-20254f6 elementor-align-left elementor-hidden-desktop elementor-hidden-tablet elementor-hidden-phone elementor-widget elementor-widget-bdt-advanced-button\" data-id=\"20254f6\" data-element_type=\"widget\" data-widget_type=\"bdt-advanced-button.default\">\n\t\t\t\t<div class=\"elementor-widget-container\">\n\t\t\t\t\t<div class=\"bdt-ep-button-wrapper\">\n\t\t\t<a href=\"https:\/\/cordis-logistics.pl\/de\/oferta\/home-delivery\/\" class=\"bdt-ep-button bdt-ep-button-effect-a bdt-ep-button-size-sm\">\n\t\t\t\t\t\t<div class=\"bdt-ep-button-content-wrapper bdt-flex bdt-flex-middle bdt-flex-center\" data-text=\"Home Delivery\">\n\t\t\t\t\t\t\t<div class=\"bdt-ep-button-icon bdt-flex-center bdt-flex-align-right\">\n\t\t\t\t\t<div class=\"bdt-ep-button-icon-inner\">\n\n\t\t\t\t\t<i aria-hidden=\"true\" class=\"fa-fw fas fa-angle-right\"><\/i>\n\t\t\t\t\t<\/div>\n\t\t\t\t<\/div>\n\t\t\t\n\t\t\t<div class=\"bdt-ep-button-text\">\n\n                <span class=\"avdbtn-text\">Hauslieferung<\/span>\n\n\t\t\t\t            <\/div>\n\n\t\t\t\n\t\t<\/div>\n\t\t\t\t\t<\/a>\n\t\t<\/div>\n\t\t\t\t<\/div>\n\t\t\t\t<\/div>\n\t\t\t\t<div class=\"elementor-element elementor-element-80bbda6 elementor-align-left elementor-widget elementor-widget-bdt-advanced-button\" data-id=\"80bbda6\" data-element_type=\"widget\" data-widget_type=\"bdt-advanced-button.default\">\n\t\t\t\t<div class=\"elementor-widget-container\">\n\t\t\t\t\t<div class=\"bdt-ep-button-wrapper\">\n\t\t\t<a href=\"https:\/\/cordis-logistics.pl\/de\/oferta\/magazynowanie\/\" class=\"bdt-ep-button bdt-ep-button-effect-a bdt-ep-button-size-sm\">\n\t\t\t\t\t\t<div class=\"bdt-ep-button-content-wrapper bdt-flex bdt-flex-middle bdt-flex-center\" data-text=\"Magazynowanie\">\n\t\t\t\t\t\t\t<div class=\"bdt-ep-button-icon bdt-flex-center bdt-flex-align-right\">\n\t\t\t\t\t<div class=\"bdt-ep-button-icon-inner\">\n\n\t\t\t\t\t<i aria-hidden=\"true\" class=\"fa-fw fas fa-angle-right\"><\/i>\n\t\t\t\t\t<\/div>\n\t\t\t\t<\/div>\n\t\t\t\n\t\t\t<div class=\"bdt-ep-button-text\">\n\n                <span class=\"avdbtn-text\">Lager<\/span>\n\n\t\t\t\t            <\/div>\n\n\t\t\t\n\t\t<\/div>\n\t\t\t\t\t<\/a>\n\t\t<\/div>\n\t\t\t\t<\/div>\n\t\t\t\t<\/div>\n\t\t\t\t<div class=\"elementor-element elementor-element-eb2bb54 elementor-align-left elementor-widget elementor-widget-bdt-advanced-button\" data-id=\"eb2bb54\" data-element_type=\"widget\" data-widget_type=\"bdt-advanced-button.default\">\n\t\t\t\t<div class=\"elementor-widget-container\">\n\t\t\t\t\t<div class=\"bdt-ep-button-wrapper\">\n\t\t\t<a href=\"https:\/\/cordis-logistics.pl\/de\/oferta\/obsluga-e-commerce\/\" class=\"bdt-ep-button bdt-ep-button-effect-a bdt-ep-button-size-sm\">\n\t\t\t\t\t\t<div class=\"bdt-ep-button-content-wrapper bdt-flex bdt-flex-middle bdt-flex-center\" data-text=\"Obs\u0142uga e-commerce\">\n\t\t\t\t\t\t\t<div class=\"bdt-ep-button-icon bdt-flex-center bdt-flex-align-right\">\n\t\t\t\t\t<div class=\"bdt-ep-button-icon-inner\">\n\n\t\t\t\t\t<i aria-hidden=\"true\" class=\"fa-fw fas fa-angle-right\"><\/i>\n\t\t\t\t\t<\/div>\n\t\t\t\t<\/div>\n\t\t\t\n\t\t\t<div class=\"bdt-ep-button-text\">\n\n                <span class=\"avdbtn-text\">E-Commerce-Unterst\u00fctzung<\/span>\n\n\t\t\t\t            <\/div>\n\n\t\t\t\n\t\t<\/div>\n\t\t\t\t\t<\/a>\n\t\t<\/div>\n\t\t\t\t<\/div>\n\t\t\t\t<\/div>\n\t\t\t\t<div class=\"elementor-element elementor-element-b57acb0 elementor-align-left elementor-widget elementor-widget-bdt-advanced-button\" data-id=\"b57acb0\" data-element_type=\"widget\" data-widget_type=\"bdt-advanced-button.default\">\n\t\t\t\t<div class=\"elementor-widget-container\">\n\t\t\t\t\t<div class=\"bdt-ep-button-wrapper\">\n\t\t\t<a href=\"https:\/\/cordis-logistics.pl\/de\/oferta\/centrum-logistyczne\/\" class=\"bdt-ep-button bdt-ep-button-effect-a bdt-ep-button-size-sm\">\n\t\t\t\t\t\t<div class=\"bdt-ep-button-content-wrapper bdt-flex bdt-flex-middle bdt-flex-center\" data-text=\"Centrum logistyczne\">\n\t\t\t\t\t\t\t<div class=\"bdt-ep-button-icon bdt-flex-center bdt-flex-align-right\">\n\t\t\t\t\t<div class=\"bdt-ep-button-icon-inner\">\n\n\t\t\t\t\t<i aria-hidden=\"true\" class=\"fa-fw fas fa-angle-right\"><\/i>\n\t\t\t\t\t<\/div>\n\t\t\t\t<\/div>\n\t\t\t\n\t\t\t<div class=\"bdt-ep-button-text\">\n\n                <span class=\"avdbtn-text\">Logistikzentrum<\/span>\n\n\t\t\t\t            <\/div>\n\n\t\t\t\n\t\t<\/div>\n\t\t\t\t\t<\/a>\n\t\t<\/div>\n\t\t\t\t<\/div>\n\t\t\t\t<\/div>\n\t\t\t\t<div class=\"elementor-element elementor-element-d38a750 elementor-align-left elementor-widget elementor-widget-bdt-advanced-button\" data-id=\"d38a750\" data-element_type=\"widget\" data-widget_type=\"bdt-advanced-button.default\">\n\t\t\t\t<div class=\"elementor-widget-container\">\n\t\t\t\t\t<div class=\"bdt-ep-button-wrapper\">\n\t\t\t<a href=\"https:\/\/cordis-logistics.pl\/de\/oferta\/transport-intermodalny\/\" class=\"bdt-ep-button bdt-ep-button-effect-a bdt-ep-button-size-sm\">\n\t\t\t\t\t\t<div class=\"bdt-ep-button-content-wrapper bdt-flex bdt-flex-middle bdt-flex-center\" data-text=\"Transport Intermodalny\">\n\t\t\t\t\t\t\t<div class=\"bdt-ep-button-icon bdt-flex-center bdt-flex-align-right\">\n\t\t\t\t\t<div class=\"bdt-ep-button-icon-inner\">\n\n\t\t\t\t\t<i aria-hidden=\"true\" class=\"fa-fw fas fa-angle-right\"><\/i>\n\t\t\t\t\t<\/div>\n\t\t\t\t<\/div>\n\t\t\t\n\t\t\t<div class=\"bdt-ep-button-text\">\n\n                <span class=\"avdbtn-text\">Intermodaler Transport<\/span>\n\n\t\t\t\t            <\/div>\n\n\t\t\t\n\t\t<\/div>\n\t\t\t\t\t<\/a>\n\t\t<\/div>\n\t\t\t\t<\/div>\n\t\t\t\t<\/div>\n\t\t\t\t<div class=\"elementor-element elementor-element-20f4c39 elementor-align-left elementor-widget elementor-widget-bdt-advanced-button\" data-id=\"20f4c39\" data-element_type=\"widget\" data-widget_type=\"bdt-advanced-button.default\">\n\t\t\t\t<div class=\"elementor-widget-container\">\n\t\t\t\t\t<div class=\"bdt-ep-button-wrapper\">\n\t\t\t<a href=\"https:\/\/cordis-logistics.pl\/de\/oferta\/outsourcing-pracownikow\/\" class=\"bdt-ep-button bdt-ep-button-effect-a bdt-ep-button-size-sm\">\n\t\t\t\t\t\t<div class=\"bdt-ep-button-content-wrapper bdt-flex bdt-flex-middle bdt-flex-center\" data-text=\"Outsourcing us\u0142ug\">\n\t\t\t\t\t\t\t<div class=\"bdt-ep-button-icon bdt-flex-center bdt-flex-align-right\">\n\t\t\t\t\t<div class=\"bdt-ep-button-icon-inner\">\n\n\t\t\t\t\t<i aria-hidden=\"true\" class=\"fa-fw fas fa-angle-right\"><\/i>\n\t\t\t\t\t<\/div>\n\t\t\t\t<\/div>\n\t\t\t\n\t\t\t<div class=\"bdt-ep-button-text\">\n\n                <span class=\"avdbtn-text\">Outsourcing us\u0142ug<\/span>\n\n\t\t\t\t            <\/div>\n\n\t\t\t\n\t\t<\/div>\n\t\t\t\t\t<\/a>\n\t\t<\/div>\n\t\t\t\t<\/div>\n\t\t\t\t<\/div>\n\t\t\t\t\t<\/div>\n\t\t<\/div>\n\t\t\t\t<div class=\"elementor-column elementor-col-50 elementor-top-column elementor-element elementor-element-4fae6b1\" data-id=\"4fae6b1\" data-element_type=\"column\">\n\t\t\t<div class=\"elementor-widget-wrap elementor-element-populated\">\n\t\t\t\t\t\t\t\t<div class=\"elementor-element elementor-element-7179cb1 elementor--h-position-center elementor--v-position-middle elementor-arrows-position-inside elementor-pagination-position-inside elementor-widget elementor-widget-slides\" data-id=\"7179cb1\" data-element_type=\"widget\" data-settings=\"{&quot;transition_speed&quot;:1000,&quot;navigation&quot;:&quot;both&quot;,&quot;autoplay&quot;:&quot;yes&quot;,&quot;pause_on_hover&quot;:&quot;yes&quot;,&quot;pause_on_interaction&quot;:&quot;yes&quot;,&quot;autoplay_speed&quot;:5000,&quot;infinite&quot;:&quot;yes&quot;,&quot;transition&quot;:&quot;slide&quot;}\" data-widget_type=\"slides.default\">\n\t\t\t\t<div class=\"elementor-widget-container\">\n\t\t\t\t\t<div class=\"elementor-swiper\">\n\t\t\t<div class=\"elementor-slides-wrapper elementor-main-swiper swiper-container\" dir=\"ltr\" data-animation=\"fadeInUp\">\n\t\t\t\t<div class=\"swiper-wrapper elementor-slides\">\n\t\t\t\t\t<div class=\"elementor-repeater-item-8a54185 swiper-slide\"><div class=\"swiper-slide-bg elementor-ken-burns elementor-ken-burns--in\"><\/div><div class=\"swiper-slide-inner\" ><div class=\"swiper-slide-contents\"><\/div><\/div><\/div><div class=\"elementor-repeater-item-22ad3bb swiper-slide\"><div class=\"swiper-slide-bg elementor-ken-burns elementor-ken-burns--in\"><\/div><div class=\"swiper-slide-inner\" ><div class=\"swiper-slide-contents\"><\/div><\/div><\/div>\t\t\t\t<\/div>\n\t\t\t\t\t\t\t\t\t\t\t\t\t\t\t<div class=\"swiper-pagination\"><\/div>\n\t\t\t\t\t\t\t\t\t\t\t\t\t\t\t\t<div class=\"elementor-swiper-button elementor-swiper-button-prev\">\n\t\t\t\t\t\t\t<i class=\"eicon-chevron-left\" aria-hidden=\"true\"><\/i>\n\t\t\t\t\t\t\t<span class=\"elementor-screen-only\">Voriger<\/span>\n\t\t\t\t\t\t<\/div>\n\t\t\t\t\t\t<div class=\"elementor-swiper-button elementor-swiper-button-next\">\n\t\t\t\t\t\t\t<i class=\"eicon-chevron-right\" aria-hidden=\"true\"><\/i>\n\t\t\t\t\t\t\t<span class=\"elementor-screen-only\">N\u00e4chster<\/span>\n\t\t\t\t\t\t<\/div>\n\t\t\t\t\t\t\t\t\t\t\t\t<\/div>\n\t\t<\/div>\n\t\t\t\t<\/div>\n\t\t\t\t<\/div>\n\t\t\t\t\t<\/div>\n\t\t<\/div>\n\t\t\t\t\t\t\t<\/div>\n\t\t<\/section>\n\t\t\t\t<section class=\"elementor-section elementor-top-section elementor-element elementor-element-5831c74 elementor-section-boxed elementor-section-height-default elementor-section-height-default\" data-id=\"5831c74\" data-element_type=\"section\" data-settings=\"{&quot;background_background&quot;:&quot;classic&quot;}\">\n\t\t\t\t\t\t\t<div class=\"elementor-background-overlay\"><\/div>\n\t\t\t\t\t\t\t<div class=\"elementor-container elementor-column-gap-default\">\n\t\t\t\t\t<div class=\"elementor-column elementor-col-50 elementor-top-column elementor-element elementor-element-28902ca\" data-id=\"28902ca\" data-element_type=\"column\">\n\t\t\t<div class=\"elementor-widget-wrap elementor-element-populated\">\n\t\t\t\t\t\t\t\t<div class=\"elementor-element elementor-element-6e84d3b elementor-widget elementor-widget-heading\" data-id=\"6e84d3b\" data-element_type=\"widget\" data-widget_type=\"heading.default\">\n\t\t\t\t<div class=\"elementor-widget-container\">\n\t\t\t<h2 class=\"elementor-heading-title elementor-size-default\">Was gewinnen Sie mit unseren L\u00f6sungen?<\/h2>\t\t<\/div>\n\t\t\t\t<\/div>\n\t\t\t\t\t<\/div>\n\t\t<\/div>\n\t\t\t\t<div class=\"elementor-column elementor-col-50 elementor-top-column elementor-element elementor-element-e6fbdd2\" data-id=\"e6fbdd2\" data-element_type=\"column\">\n\t\t\t<div class=\"elementor-widget-wrap elementor-element-populated\">\n\t\t\t\t\t\t\t\t<section class=\"elementor-section elementor-inner-section elementor-element elementor-element-01fbaa9 elementor-section-boxed elementor-section-height-default elementor-section-height-default\" data-id=\"01fbaa9\" data-element_type=\"section\">\n\t\t\t\t\t\t<div class=\"elementor-container elementor-column-gap-default\">\n\t\t\t\t\t<div class=\"elementor-column elementor-col-50 elementor-inner-column elementor-element elementor-element-ebc2bd0\" data-id=\"ebc2bd0\" data-element_type=\"column\">\n\t\t\t<div class=\"elementor-widget-wrap elementor-element-populated\">\n\t\t\t\t\t\t\t\t<div class=\"elementor-element elementor-element-e39a1e6 elementor-widget elementor-widget-heading\" data-id=\"e39a1e6\" data-element_type=\"widget\" data-widget_type=\"heading.default\">\n\t\t\t\t<div class=\"elementor-widget-container\">\n\t\t\t<h2 class=\"elementor-heading-title elementor-size-default\">Kostenoptimierung<\/h2>\t\t<\/div>\n\t\t\t\t<\/div>\n\t\t\t\t<div class=\"elementor-element elementor-element-b740c80 elementor-widget elementor-widget-text-editor\" data-id=\"b740c80\" data-element_type=\"widget\" data-widget_type=\"text-editor.default\">\n\t\t\t\t<div class=\"elementor-widget-container\">\n\t\t\t\t\t\t\t\t<p>System logistyczny Cordis Logistics pozwala zredukowa\u0107 koszty dzia\u0142alno\u015bci ka\u017cdej firmy. Wykorzystuj\u0105c efekt skali, obni\u017camy koszty dzia\u0142alno\u015bci zwi\u0105zane z m in. magazynowaniem, wysy\u0142k\u0105, obs\u0142ug\u0105 reklamacji, naprawami.<\/p>\t\t\t\t\t\t<\/div>\n\t\t\t\t<\/div>\n\t\t\t\t\t<\/div>\n\t\t<\/div>\n\t\t\t\t<div class=\"elementor-column elementor-col-50 elementor-inner-column elementor-element elementor-element-f6a5383\" data-id=\"f6a5383\" data-element_type=\"column\">\n\t\t\t<div class=\"elementor-widget-wrap elementor-element-populated\">\n\t\t\t\t\t\t\t\t<div class=\"elementor-element elementor-element-0dd3b42 elementor-widget elementor-widget-heading\" data-id=\"0dd3b42\" data-element_type=\"widget\" data-widget_type=\"heading.default\">\n\t\t\t\t<div class=\"elementor-widget-container\">\n\t\t\t<h2 class=\"elementor-heading-title elementor-size-default\">Finanzielle Flexibilit\u00e4t<\/h2>\t\t<\/div>\n\t\t\t\t<\/div>\n\t\t\t\t<div class=\"elementor-element elementor-element-ed984a0 elementor-widget elementor-widget-text-editor\" data-id=\"ed984a0\" data-element_type=\"widget\" data-widget_type=\"text-editor.default\">\n\t\t\t\t<div class=\"elementor-widget-container\">\n\t\t\t\t\t\t\t\t<p>Logistik, Vertrieb und Beschaffung - wir bieten sowohl kleineren als auch gr\u00f6\u00dferen Unternehmen g\u00fcnstige Preise. Wir bieten g\u00fcnstige Zahlungsbedingungen f\u00fcr Stammkunden und eine individuelle Bewertung jedes Projekts.<\/p>\t\t\t\t\t\t<\/div>\n\t\t\t\t<\/div>\n\t\t\t\t\t<\/div>\n\t\t<\/div>\n\t\t\t\t\t\t\t<\/div>\n\t\t<\/section>\n\t\t\t\t<section class=\"elementor-section elementor-inner-section elementor-element elementor-element-513b6f4 elementor-section-boxed elementor-section-height-default elementor-section-height-default\" data-id=\"513b6f4\" data-element_type=\"section\">\n\t\t\t\t\t\t<div class=\"elementor-container elementor-column-gap-default\">\n\t\t\t\t\t<div class=\"elementor-column elementor-col-50 elementor-inner-column elementor-element elementor-element-3a08f91\" data-id=\"3a08f91\" data-element_type=\"column\">\n\t\t\t<div class=\"elementor-widget-wrap elementor-element-populated\">\n\t\t\t\t\t\t\t\t<div class=\"elementor-element elementor-element-504a1d0 elementor-widget elementor-widget-heading\" data-id=\"504a1d0\" data-element_type=\"widget\" data-widget_type=\"heading.default\">\n\t\t\t\t<div class=\"elementor-widget-container\">\n\t\t\t<h2 class=\"elementor-heading-title elementor-size-default\">Kostenlose Pr\u00fcfung der Lagerlogistik der Kunden<\/h2>\t\t<\/div>\n\t\t\t\t<\/div>\n\t\t\t\t<div class=\"elementor-element elementor-element-a9627b8 elementor-widget elementor-widget-text-editor\" data-id=\"a9627b8\" data-element_type=\"widget\" data-widget_type=\"text-editor.default\">\n\t\t\t\t<div class=\"elementor-widget-container\">\n\t\t\t\t\t\t\t\t<p>Zur Vorbereitung des Angebots bewerten wir die Prozesse der Logistik- und Lagerverwaltung, der Qualit\u00e4tsmanagementsysteme, der Wartung von Werkzeugen und Transportmitteln, der Lieferkontrolle und des Lagerbestands.<\/p>\t\t\t\t\t\t<\/div>\n\t\t\t\t<\/div>\n\t\t\t\t\t<\/div>\n\t\t<\/div>\n\t\t\t\t<div class=\"elementor-column elementor-col-50 elementor-inner-column elementor-element elementor-element-0b2f8fe\" data-id=\"0b2f8fe\" data-element_type=\"column\">\n\t\t\t<div class=\"elementor-widget-wrap elementor-element-populated\">\n\t\t\t\t\t\t\t\t<div class=\"elementor-element elementor-element-8dd43a5 elementor-widget elementor-widget-heading\" data-id=\"8dd43a5\" data-element_type=\"widget\" data-widget_type=\"heading.default\">\n\t\t\t\t<div class=\"elementor-widget-container\">\n\t\t\t<h2 class=\"elementor-heading-title elementor-size-default\">Nationale und internationale Transportdienste<\/h2>\t\t<\/div>\n\t\t\t\t<\/div>\n\t\t\t\t<div class=\"elementor-element elementor-element-869cc20 elementor-widget elementor-widget-text-editor\" data-id=\"869cc20\" data-element_type=\"widget\" data-widget_type=\"text-editor.default\">\n\t\t\t\t<div class=\"elementor-widget-container\">\n\t\t\t\t\t\t\t\t<p>Cordis Logistics verf\u00fcgt \u00fcber eine eigene Fahrzeugflotte. Wir sind bereit, Waren ausdr\u00fccklich an jeden Ort in Polen und in ganz Europa zu liefern. Gleichzeitig haben unsere Spediteure Erfahrung in der Organisation eines sicheren Warentransports zu allen Kontinenten.<\/p>\t\t\t\t\t\t<\/div>\n\t\t\t\t<\/div>\n\t\t\t\t\t<\/div>\n\t\t<\/div>\n\t\t\t\t\t\t\t<\/div>\n\t\t<\/section>\n\t\t\t\t<section class=\"elementor-section elementor-inner-section elementor-element elementor-element-160c27d elementor-section-boxed elementor-section-height-default elementor-section-height-default\" data-id=\"160c27d\" data-element_type=\"section\">\n\t\t\t\t\t\t<div class=\"elementor-container elementor-column-gap-default\">\n\t\t\t\t\t<div class=\"elementor-column elementor-col-50 elementor-inner-column elementor-element elementor-element-90141ff\" data-id=\"90141ff\" data-element_type=\"column\">\n\t\t\t<div class=\"elementor-widget-wrap elementor-element-populated\">\n\t\t\t\t\t\t\t\t<div class=\"elementor-element elementor-element-8d24ac1 elementor-widget elementor-widget-heading\" data-id=\"8d24ac1\" data-element_type=\"widget\" data-widget_type=\"heading.default\">\n\t\t\t\t<div class=\"elementor-widget-container\">\n\t\t\t<h2 class=\"elementor-heading-title elementor-size-default\">Reibungslose Lieferung der Lieferkette<\/h2>\t\t<\/div>\n\t\t\t\t<\/div>\n\t\t\t\t<div class=\"elementor-element elementor-element-32931c5 elementor-widget elementor-widget-text-editor\" data-id=\"32931c5\" data-element_type=\"widget\" data-widget_type=\"text-editor.default\">\n\t\t\t\t<div class=\"elementor-widget-container\">\n\t\t\t\t\t\t\t\t<p>Ein engagierter Koordinator ist f\u00fcr die Koordination des Warentransports verantwortlich. Er wird alle Ihre Fragen beantworten und das Problem l\u00f6sen. Dank der Verteilung von Waren aus unseren Lagern sorgen wir f\u00fcr Kontinuit\u00e4t in der Lieferkette.<\/p>\t\t\t\t\t\t<\/div>\n\t\t\t\t<\/div>\n\t\t\t\t\t<\/div>\n\t\t<\/div>\n\t\t\t\t<div class=\"elementor-column elementor-col-50 elementor-inner-column elementor-element elementor-element-72a65d9\" data-id=\"72a65d9\" data-element_type=\"column\">\n\t\t\t<div class=\"elementor-widget-wrap elementor-element-populated\">\n\t\t\t\t\t\t\t\t<div class=\"elementor-element elementor-element-966309a elementor-widget elementor-widget-heading\" data-id=\"966309a\" data-element_type=\"widget\" data-widget_type=\"heading.default\">\n\t\t\t\t<div class=\"elementor-widget-container\">\n\t\t\t<h2 class=\"elementor-heading-title elementor-size-default\">Qualifiziertes Mitarbeiterteam<\/h2>\t\t<\/div>\n\t\t\t\t<\/div>\n\t\t\t\t<div class=\"elementor-element elementor-element-438b814 elementor-widget elementor-widget-text-editor\" data-id=\"438b814\" data-element_type=\"widget\" data-widget_type=\"text-editor.default\">\n\t\t\t\t<div class=\"elementor-widget-container\">\n\t\t\t\t\t\t\t\t<p>Wussten Sie, dass Sie durch Mitarbeiter-Outsourcing die Betriebskosten in Ihrem Unternehmen effektiv senken k\u00f6nnen? Unsere Mitarbeiter verf\u00fcgen \u00fcber langj\u00e4hrige Berufserfahrung. Dar\u00fcber hinaus organisieren wir sowohl die Unterbringung als auch den Transport von Mitarbeitern zu Arbeitspl\u00e4tzen.<\/p>\t\t\t\t\t\t<\/div>\n\t\t\t\t<\/div>\n\t\t\t\t\t<\/div>\n\t\t<\/div>\n\t\t\t\t\t\t\t<\/div>\n\t\t<\/section>\n\t\t\t\t\t<\/div>\n\t\t<\/div>\n\t\t\t\t\t\t\t<\/div>\n\t\t<\/section>\n\t\t\t\t<section class=\"elementor-section elementor-top-section elementor-element elementor-element-c4feb7a elementor-section-boxed elementor-section-height-default elementor-section-height-default\" data-id=\"c4feb7a\" data-element_type=\"section\">\n\t\t\t\t\t\t<div class=\"elementor-container elementor-column-gap-default\">\n\t\t\t\t\t<div class=\"elementor-column elementor-col-100 elementor-top-column elementor-element elementor-element-44fa89e\" data-id=\"44fa89e\" data-element_type=\"column\">\n\t\t\t<div class=\"elementor-widget-wrap elementor-element-populated\">\n\t\t\t\t\t\t\t\t<div class=\"elementor-element elementor-element-89d30db elementor-widget elementor-widget-spacer\" data-id=\"89d30db\" data-element_type=\"widget\" data-widget_type=\"spacer.default\">\n\t\t\t\t<div class=\"elementor-widget-container\">\n\t\t\t\t\t<div class=\"elementor-spacer\">\n\t\t\t<div class=\"elementor-spacer-inner\"><\/div>\n\t\t<\/div>\n\t\t\t\t<\/div>\n\t\t\t\t<\/div>\n\t\t\t\t<div class=\"elementor-element elementor-element-d0bf03b elementor-widget elementor-widget-heading\" data-id=\"d0bf03b\" data-element_type=\"widget\" data-widget_type=\"heading.default\">\n\t\t\t\t<div class=\"elementor-widget-container\">\n\t\t\t<h2 class=\"elementor-heading-title elementor-size-default\"><a href=\"https:\/\/cordis-logistics.pl\/de\/blog-cordis\/\">Aktualno\u015bci Cordis Logistics<\/a><\/h2>\t\t<\/div>\n\t\t\t\t<\/div>\n\t\t\t\t<div class=\"elementor-element elementor-element-55973b1 elementor-widget elementor-widget-spacer\" data-id=\"55973b1\" data-element_type=\"widget\" data-widget_type=\"spacer.default\">\n\t\t\t\t<div class=\"elementor-widget-container\">\n\t\t\t\t\t<div class=\"elementor-spacer\">\n\t\t\t<div class=\"elementor-spacer-inner\"><\/div>\n\t\t<\/div>\n\t\t\t\t<\/div>\n\t\t\t\t<\/div>\n\t\t\t\t<div class=\"elementor-element elementor-element-b218fa0 elementor-grid-3 elementor-grid-tablet-2 elementor-grid-mobile-1 elementor-posts--thumbnail-top elementor-widget elementor-widget-posts\" data-id=\"b218fa0\" data-element_type=\"widget\" data-settings=\"{&quot;classic_columns&quot;:&quot;3&quot;,&quot;classic_columns_tablet&quot;:&quot;2&quot;,&quot;classic_columns_mobile&quot;:&quot;1&quot;,&quot;classic_row_gap&quot;:{&quot;unit&quot;:&quot;px&quot;,&quot;size&quot;:35,&quot;sizes&quot;:[]}}\" data-widget_type=\"posts.classic\">\n\t\t\t\t<div class=\"elementor-widget-container\">\n\t\t\t\t\t<div class=\"elementor-posts-container elementor-posts elementor-posts--skin-classic elementor-grid\">\n\t\t\t\t<article class=\"elementor-post elementor-grid-item post-1918 post type-post status-publish format-standard has-post-thumbnail hentry category-blog\">\n\t\t\t\t<a class=\"elementor-post__thumbnail__link\" href=\"https:\/\/cordis-logistics.pl\/de\/cordis-logistics-partnerem-europejskiego-kongresu-gospodarczego\/\" >\n\t\t\t<div class=\"elementor-post__thumbnail\"><img width=\"300\" height=\"157\" src=\"https:\/\/cordis-logistics.pl\/wp-content\/uploads\/2026\/04\/CORDIS2-300x157.jpg\" class=\"attachment-medium size-medium\" alt=\"\" decoding=\"async\" loading=\"lazy\" srcset=\"https:\/\/cordis-logistics.pl\/wp-content\/uploads\/2026\/04\/CORDIS2-300x157.jpg 300w,  https:\/\/cordis-logistics.pl\/wp-content\/uploads\/2026\/04\/CORDIS2-1024x536.jpg 1024w,  https:\/\/cordis-logistics.pl\/wp-content\/uploads\/2026\/04\/CORDIS2-768x402.jpg 768w,  https:\/\/cordis-logistics.pl\/wp-content\/uploads\/2026\/04\/CORDIS2-18x9.jpg 18w,  https:\/\/cordis-logistics.pl\/wp-content\/uploads\/2026\/04\/CORDIS2.jpg 1200w\" sizes=\"(max-width: 300px) 100vw, 300px\" \/><\/div>\n\t\t<\/a>\n\t\t\t\t<div class=\"elementor-post__text\">\n\t\t\t\t<h3 class=\"elementor-post__title\">\n\t\t\t<a href=\"https:\/\/cordis-logistics.pl\/de\/cordis-logistics-partnerem-europejskiego-kongresu-gospodarczego\/\" >\n\t\t\t\tCordis Logistics partnerem Europejskiego Kongresu Gospodarczego\t\t\t<\/a>\n\t\t<\/h3>\n\t\t\t\t<div class=\"elementor-post__meta-data\">\n\t\t\t\t\t<span class=\"elementor-post-date\">\n\t\t\t2 April 2026\t\t<\/span>\n\t\t\t\t<span class=\"elementor-post-avatar\">\n\t\t\tKeine Kommentare\t\t<\/span>\n\t\t\t\t<\/div>\n\t\t\t\t<div class=\"elementor-post__excerpt\">\n\t\t\t<p>Cordis Logistics partnerem Europejskiego Kongresu Gospodarczego. W logistyce bardzo szybko wida\u0107, kiedy \u015bwiat si\u0119 zmienia. Zak\u0142\u00f3cenia w \u0142a\u0144cuchach dostaw, napi\u0119cia geopolityczne, presja na czas i<\/p>\t\t<\/div>\n\t\t\t\t\t<a class=\"elementor-post__read-more\" href=\"https:\/\/cordis-logistics.pl\/de\/cordis-logistics-partnerem-europejskiego-kongresu-gospodarczego\/\" >\n\t\t\t\tCzytaj wi\u0119cej \u00bb\t\t\t<\/a>\n\t\t\t\t<\/div>\n\t\t\t\t<\/article>\n\t\t\t\t<article class=\"elementor-post elementor-grid-item post-1903 post type-post status-publish format-standard has-post-thumbnail hentry category-news\">\n\t\t\t\t<a class=\"elementor-post__thumbnail__link\" href=\"https:\/\/cordis-logistics.pl\/de\/nowa-odporna-infrastruktura-cordis-logistics-na-eec-trends\/\" >\n\t\t\t<div class=\"elementor-post__thumbnail\"><img width=\"300\" height=\"200\" src=\"https:\/\/cordis-logistics.pl\/wp-content\/uploads\/2026\/02\/Zdjecie-9.02.2026-16-56-54-2-300x200.jpg\" class=\"attachment-medium size-medium\" alt=\"\" decoding=\"async\" loading=\"lazy\" srcset=\"https:\/\/cordis-logistics.pl\/wp-content\/uploads\/2026\/02\/Zdjecie-9.02.2026-16-56-54-2-300x200.jpg 300w,  https:\/\/cordis-logistics.pl\/wp-content\/uploads\/2026\/02\/Zdjecie-9.02.2026-16-56-54-2-1024x683.jpg 1024w,  https:\/\/cordis-logistics.pl\/wp-content\/uploads\/2026\/02\/Zdjecie-9.02.2026-16-56-54-2-768x512.jpg 768w,  https:\/\/cordis-logistics.pl\/wp-content\/uploads\/2026\/02\/Zdjecie-9.02.2026-16-56-54-2-1536x1024.jpg 1536w,  https:\/\/cordis-logistics.pl\/wp-content\/uploads\/2026\/02\/Zdjecie-9.02.2026-16-56-54-2-2048x1365.jpg 2048w,  https:\/\/cordis-logistics.pl\/wp-content\/uploads\/2026\/02\/Zdjecie-9.02.2026-16-56-54-2-18x12.jpg 18w\" sizes=\"(max-width: 300px) 100vw, 300px\" \/><\/div>\n\t\t<\/a>\n\t\t\t\t<div class=\"elementor-post__text\">\n\t\t\t\t<h3 class=\"elementor-post__title\">\n\t\t\t<a href=\"https:\/\/cordis-logistics.pl\/de\/nowa-odporna-infrastruktura-cordis-logistics-na-eec-trends\/\" >\n\t\t\t\t\u201eNowa, odporna infrastruktura\u201d &#8211; Cordis Logistics na EEC Trends\t\t\t<\/a>\n\t\t<\/h3>\n\t\t\t\t<div class=\"elementor-post__meta-data\">\n\t\t\t\t\t<span class=\"elementor-post-date\">\n\t\t\t11 Februar 2026\t\t<\/span>\n\t\t\t\t<span class=\"elementor-post-avatar\">\n\t\t\tKeine Kommentare\t\t<\/span>\n\t\t\t\t<\/div>\n\t\t\t\t<div class=\"elementor-post__excerpt\">\n\t\t\t<p>Za nami udzia\u0142 w konferencji EEC Trends, kt\u00f3ra odby\u0142a si\u0119 9 lutego 2026 r. w hotelu Sheraton Grand Warsaw. Wydarzenie zgromadzi\u0142o 1600 uczestnik\u00f3w w tym<\/p>\t\t<\/div>\n\t\t\t\t\t<a class=\"elementor-post__read-more\" href=\"https:\/\/cordis-logistics.pl\/de\/nowa-odporna-infrastruktura-cordis-logistics-na-eec-trends\/\" >\n\t\t\t\tCzytaj wi\u0119cej \u00bb\t\t\t<\/a>\n\t\t\t\t<\/div>\n\t\t\t\t<\/article>\n\t\t\t\t<article class=\"elementor-post elementor-grid-item post-1896 post type-post status-publish format-standard has-post-thumbnail hentry category-news tag-odpowiedzialnybiznes-csr-lodzkiedlabiznesu-zrownowazonyrozwoj-innowacjewlogistyce-ekologistyka-spolecznaodpowiedzialnosc-cordislogistics\">\n\t\t\t\t<a class=\"elementor-post__thumbnail__link\" href=\"https:\/\/cordis-logistics.pl\/de\/cordis-logistics-wyrozniona-w-kategorii-odpowiedzialny-biznes\/\" >\n\t\t\t<div class=\"elementor-post__thumbnail\"><img width=\"300\" height=\"200\" src=\"https:\/\/cordis-logistics.pl\/wp-content\/uploads\/2025\/12\/cordis1-1-300x200.jpg\" class=\"attachment-medium size-medium\" alt=\"\" decoding=\"async\" loading=\"lazy\" srcset=\"https:\/\/cordis-logistics.pl\/wp-content\/uploads\/2025\/12\/cordis1-1-300x200.jpg 300w,  https:\/\/cordis-logistics.pl\/wp-content\/uploads\/2025\/12\/cordis1-1-1024x682.jpg 1024w,  https:\/\/cordis-logistics.pl\/wp-content\/uploads\/2025\/12\/cordis1-1-768x511.jpg 768w,  https:\/\/cordis-logistics.pl\/wp-content\/uploads\/2025\/12\/cordis1-1-1536x1022.jpg 1536w,  https:\/\/cordis-logistics.pl\/wp-content\/uploads\/2025\/12\/cordis1-1-18x12.jpg 18w,  https:\/\/cordis-logistics.pl\/wp-content\/uploads\/2025\/12\/cordis1-1.jpg 2048w\" sizes=\"(max-width: 300px) 100vw, 300px\" \/><\/div>\n\t\t<\/a>\n\t\t\t\t<div class=\"elementor-post__text\">\n\t\t\t\t<h3 class=\"elementor-post__title\">\n\t\t\t<a href=\"https:\/\/cordis-logistics.pl\/de\/cordis-logistics-wyrozniona-w-kategorii-odpowiedzialny-biznes\/\" >\n\t\t\t\tCordis Logistics wyr\u00f3\u017cniona w kategorii \u201eOdpowiedzialny biznes\u201d\t\t\t<\/a>\n\t\t<\/h3>\n\t\t\t\t<div class=\"elementor-post__meta-data\">\n\t\t\t\t\t<span class=\"elementor-post-date\">\n\t\t\t10 Dezember 2025\t\t<\/span>\n\t\t\t\t<span class=\"elementor-post-avatar\">\n\t\t\tKeine Kommentare\t\t<\/span>\n\t\t\t\t<\/div>\n\t\t\t\t<div class=\"elementor-post__excerpt\">\n\t\t\t<p>Z ogromn\u0105 dum\u0105 dzielimy si\u0119 wiadomo\u015bci\u0105, \u017ce Cordis Logistics otrzyma\u0142a nagrod\u0119 w kategorii \u201eOdpowiedzialny biznes\u201d podczas Gali Nagrody Gospodarczej Wojew\u00f3dztwa \u0141\u00f3dzkiego \u201e\u0141\u00f3dzkie dla Biznesu\u201d W<\/p>\t\t<\/div>\n\t\t\t\t\t<a class=\"elementor-post__read-more\" href=\"https:\/\/cordis-logistics.pl\/de\/cordis-logistics-wyrozniona-w-kategorii-odpowiedzialny-biznes\/\" >\n\t\t\t\tCzytaj wi\u0119cej \u00bb\t\t\t<\/a>\n\t\t\t\t<\/div>\n\t\t\t\t<\/article>\n\t\t\t\t<article class=\"elementor-post elementor-grid-item post-1880 post type-post status-publish format-standard has-post-thumbnail hentry category-blog tag-ai-i-czlowiek tag-ai-w-transporcie tag-automatyzacja-procesow-transportowych tag-automatyzacja-w-logistyce tag-cordis-logistics tag-logistyka-4-0 tag-logistyka-przyszlosci tag-predykcyjne-planowanie-tras tag-szkolenia-pracownikow tag-sztuczna-inteligencja-w-logistyce tag-transformacja-cyfrowa tag-zarzadzanie-lancuchem-dostaw\">\n\t\t\t\t<a class=\"elementor-post__thumbnail__link\" href=\"https:\/\/cordis-logistics.pl\/de\/sztuczna-inteligencja-to-nie-tylko-technologia-to-katalizator-transformacji-w-logistyce\/\" >\n\t\t\t<div class=\"elementor-post__thumbnail\"><img width=\"300\" height=\"200\" src=\"https:\/\/cordis-logistics.pl\/wp-content\/uploads\/2025\/10\/GJMqfw_A-300x200.jpeg\" class=\"attachment-medium size-medium\" alt=\"\" decoding=\"async\" loading=\"lazy\" srcset=\"https:\/\/cordis-logistics.pl\/wp-content\/uploads\/2025\/10\/GJMqfw_A-300x200.jpeg 300w,  https:\/\/cordis-logistics.pl\/wp-content\/uploads\/2025\/10\/GJMqfw_A-1024x683.jpeg 1024w,  https:\/\/cordis-logistics.pl\/wp-content\/uploads\/2025\/10\/GJMqfw_A-768x512.jpeg 768w,  https:\/\/cordis-logistics.pl\/wp-content\/uploads\/2025\/10\/GJMqfw_A-1536x1024.jpeg 1536w,  https:\/\/cordis-logistics.pl\/wp-content\/uploads\/2025\/10\/GJMqfw_A-18x12.jpeg 18w,  https:\/\/cordis-logistics.pl\/wp-content\/uploads\/2025\/10\/GJMqfw_A.jpeg 1600w\" sizes=\"(max-width: 300px) 100vw, 300px\" \/><\/div>\n\t\t<\/a>\n\t\t\t\t<div class=\"elementor-post__text\">\n\t\t\t\t<h3 class=\"elementor-post__title\">\n\t\t\t<a href=\"https:\/\/cordis-logistics.pl\/de\/sztuczna-inteligencja-to-nie-tylko-technologia-to-katalizator-transformacji-w-logistyce\/\" >\n\t\t\t\tSztuczna inteligencja to nie tylko technologia \u2013 to katalizator transformacji w logistyce\t\t\t<\/a>\n\t\t<\/h3>\n\t\t\t\t<div class=\"elementor-post__meta-data\">\n\t\t\t\t\t<span class=\"elementor-post-date\">\n\t\t\t28 Oktober 2025\t\t<\/span>\n\t\t\t\t<span class=\"elementor-post-avatar\">\n\t\t\tKeine Kommentare\t\t<\/span>\n\t\t\t\t<\/div>\n\t\t\t\t<div class=\"elementor-post__excerpt\">\n\t\t\t<p>Globalny rynek AI w logistyce osi\u0105gn\u0105\u0142 warto\u015b\u0107 17,96 miliarda USD w 2024 roku i przewiduje si\u0119, \u017ce do 2034 roku wzro\u015bnie do 707,75 miliarda USD,<\/p>\t\t<\/div>\n\t\t\t\t\t<a class=\"elementor-post__read-more\" href=\"https:\/\/cordis-logistics.pl\/de\/sztuczna-inteligencja-to-nie-tylko-technologia-to-katalizator-transformacji-w-logistyce\/\" >\n\t\t\t\tCzytaj wi\u0119cej \u00bb\t\t\t<\/a>\n\t\t\t\t<\/div>\n\t\t\t\t<\/article>\n\t\t\t\t<article class=\"elementor-post elementor-grid-item post-1847 post type-post status-publish format-standard has-post-thumbnail hentry category-news tag-bezpieczna-dystrybucja-agd tag-branza-agd tag-cordis-logistics tag-dystrybucja-sprzetu-agd tag-lancuch-dostaw-agd tag-logistyka-agd tag-logistyka-drobnego-agd tag-logistyka-duzego-agd tag-logistyka-polska tag-magazynowanie-agd tag-obsluga-logistyczna-agd tag-partner-logistyczny-agd tag-transport-agd tag-transport-miedzynarodowy-agd\">\n\t\t\t\t<a class=\"elementor-post__thumbnail__link\" href=\"https:\/\/cordis-logistics.pl\/de\/cordis-logistics-partner-w-sprawnej-i-bezpiecznej-dystrybucji-sprzetu-agd\/\" >\n\t\t\t<div class=\"elementor-post__thumbnail\"><img width=\"300\" height=\"215\" src=\"https:\/\/cordis-logistics.pl\/wp-content\/uploads\/2025\/10\/1759243863763-300x215.jpg\" class=\"attachment-medium size-medium\" alt=\"\" decoding=\"async\" loading=\"lazy\" srcset=\"https:\/\/cordis-logistics.pl\/wp-content\/uploads\/2025\/10\/1759243863763-300x215.jpg 300w,  https:\/\/cordis-logistics.pl\/wp-content\/uploads\/2025\/10\/1759243863763-1024x735.jpg 1024w,  https:\/\/cordis-logistics.pl\/wp-content\/uploads\/2025\/10\/1759243863763-768x551.jpg 768w,  https:\/\/cordis-logistics.pl\/wp-content\/uploads\/2025\/10\/1759243863763-1536x1102.jpg 1536w,  https:\/\/cordis-logistics.pl\/wp-content\/uploads\/2025\/10\/1759243863763-18x12.jpg 18w,  https:\/\/cordis-logistics.pl\/wp-content\/uploads\/2025\/10\/1759243863763.jpg 1600w\" sizes=\"(max-width: 300px) 100vw, 300px\" \/><\/div>\n\t\t<\/a>\n\t\t\t\t<div class=\"elementor-post__text\">\n\t\t\t\t<h3 class=\"elementor-post__title\">\n\t\t\t<a href=\"https:\/\/cordis-logistics.pl\/de\/cordis-logistics-partner-w-sprawnej-i-bezpiecznej-dystrybucji-sprzetu-agd\/\" >\n\t\t\t\tCordis Logistics: partner w sprawnej i bezpiecznej dystrybucji sprz\u0119tu AGD\t\t\t<\/a>\n\t\t<\/h3>\n\t\t\t\t<div class=\"elementor-post__meta-data\">\n\t\t\t\t\t<span class=\"elementor-post-date\">\n\t\t\t24 September 2025\t\t<\/span>\n\t\t\t\t<span class=\"elementor-post-avatar\">\n\t\t\tKeine Kommentare\t\t<\/span>\n\t\t\t\t<\/div>\n\t\t\t\t<div class=\"elementor-post__excerpt\">\n\t\t\t<p>Polska od wielu lat pozostaje jednym z europejskich lider\u00f3w w produkcji sprz\u0119tu AGD, dostarczaj\u0105c znaczn\u0105 cz\u0119\u015b\u0107 wolumenu na rynek unijny i \u015bwiatowy. Tak silna pozycja<\/p>\t\t<\/div>\n\t\t\t\t\t<a class=\"elementor-post__read-more\" href=\"https:\/\/cordis-logistics.pl\/de\/cordis-logistics-partner-w-sprawnej-i-bezpiecznej-dystrybucji-sprzetu-agd\/\" >\n\t\t\t\tCzytaj wi\u0119cej \u00bb\t\t\t<\/a>\n\t\t\t\t<\/div>\n\t\t\t\t<\/article>\n\t\t\t\t<article class=\"elementor-post elementor-grid-item post-1826 post type-post status-publish format-standard has-post-thumbnail hentry category-news\">\n\t\t\t\t<a class=\"elementor-post__thumbnail__link\" href=\"https:\/\/cordis-logistics.pl\/de\/cordis-logistics-i-fm-world-strategiczne-partnerstwo-w-logistyce-i-e-commerce\/\" >\n\t\t\t<div class=\"elementor-post__thumbnail\"><img width=\"300\" height=\"200\" src=\"https:\/\/cordis-logistics.pl\/wp-content\/uploads\/2025\/09\/1755796789035-300x200.jpeg\" class=\"attachment-medium size-medium\" alt=\"\" decoding=\"async\" loading=\"lazy\" srcset=\"https:\/\/cordis-logistics.pl\/wp-content\/uploads\/2025\/09\/1755796789035-300x200.jpeg 300w,  https:\/\/cordis-logistics.pl\/wp-content\/uploads\/2025\/09\/1755796789035-18x12.jpeg 18w,  https:\/\/cordis-logistics.pl\/wp-content\/uploads\/2025\/09\/1755796789035.jpeg 450w\" sizes=\"(max-width: 300px) 100vw, 300px\" \/><\/div>\n\t\t<\/a>\n\t\t\t\t<div class=\"elementor-post__text\">\n\t\t\t\t<h3 class=\"elementor-post__title\">\n\t\t\t<a href=\"https:\/\/cordis-logistics.pl\/de\/cordis-logistics-i-fm-world-strategiczne-partnerstwo-w-logistyce-i-e-commerce\/\" >\n\t\t\t\tCordis Logistics i FM World \u2013 strategiczne partnerstwo w logistyce i e-commerce\t\t\t<\/a>\n\t\t<\/h3>\n\t\t\t\t<div class=\"elementor-post__meta-data\">\n\t\t\t\t\t<span class=\"elementor-post-date\">\n\t\t\t21 August 2025\t\t<\/span>\n\t\t\t\t<span class=\"elementor-post-avatar\">\n\t\t\tKeine Kommentare\t\t<\/span>\n\t\t\t\t<\/div>\n\t\t\t\t<div class=\"elementor-post__excerpt\">\n\t\t\t<p>21 sierpnia w oddziale Cordis Logistics przy ul. J\u0119drzejowskiej w \u0141odzi podpisali\u015bmy list intencyjny o wsp\u00f3\u0142pracy z FM World Polska \u2013 globalnym liderem w bran\u017cy<\/p>\t\t<\/div>\n\t\t\t\t\t<a class=\"elementor-post__read-more\" href=\"https:\/\/cordis-logistics.pl\/de\/cordis-logistics-i-fm-world-strategiczne-partnerstwo-w-logistyce-i-e-commerce\/\" >\n\t\t\t\tCzytaj wi\u0119cej \u00bb\t\t\t<\/a>\n\t\t\t\t<\/div>\n\t\t\t\t<\/article>\n\t\t\t\t<\/div>\n\t\t\t\t<\/div>\n\t\t\t\t<\/div>\n\t\t\t\t<div class=\"elementor-element elementor-element-b3bc43d elementor-widget elementor-widget-spacer\" data-id=\"b3bc43d\" data-element_type=\"widget\" data-widget_type=\"spacer.default\">\n\t\t\t\t<div class=\"elementor-widget-container\">\n\t\t\t\t\t<div class=\"elementor-spacer\">\n\t\t\t<div class=\"elementor-spacer-inner\"><\/div>\n\t\t<\/div>\n\t\t\t\t<\/div>\n\t\t\t\t<\/div>\n\t\t\t\t\t<\/div>\n\t\t<\/div>\n\t\t\t\t\t\t\t<\/div>\n\t\t<\/section>\n\t\t\t\t\t\t<\/div>\n\t\t\t\t\t<\/div>","protected":false},"excerpt":{"rendered":"<p>Systemowe rozwi\u0105zania dla \u0142a\u0144cucha dostaw: Transport Home Delivery Magazynowanie Obs\u0142uga e-commerce Centrum logistyczne Transport Intermodalny Outsourcing us\u0142ug Poprzedni Nast\u0119pny Co zyskasz korzystaj\u0105c z naszych rozwi\u0105za\u0144? Optymalizacja koszt\u00f3w System logistyczny Cordis Logistics pozwala zredukowa\u0107 koszty dzia\u0142alno\u015bci ka\u017cdej firmy. Wykorzystuj\u0105c efekt skali, obni\u017camy koszty dzia\u0142alno\u015bci zwi\u0105zane z m in. magazynowaniem, wysy\u0142k\u0105, obs\u0142ug\u0105 reklamacji, naprawami. Elastyczno\u015b\u0107 finansowa Logistyka, [&hellip;]<\/p>","protected":false},"author":1,"featured_media":0,"parent":0,"menu_order":0,"comment_status":"closed","ping_status":"closed","template":"elementor_header_footer","meta":[],"yoast_head":"<!-- This site is optimized with the Yoast SEO plugin v20.5 - https:\/\/yoast.com\/wordpress\/plugins\/seo\/ -->\n<title>Transport, obs\u0142uga e-commerce, logistyka i magazynowanie =&gt; Cordis Logistic<\/title>\n<meta name=\"description\" content=\"Cordis-Logistic.pl: oferujemy us\u0142ugi transportu krajowego i mi\u0119dzynarodowego w\u0142asn\u0105 flot\u0105, us\u0142gi logistyki i magazynowania. Oferujemy obs\u0142ug\u0119 e-commerce!\" \/>\n<meta name=\"robots\" content=\"index, follow, max-snippet:-1, max-image-preview:large, max-video-preview:-1\" \/>\n<link rel=\"canonical\" href=\"https:\/\/cordis-logistics.pl\/de\/\" \/>\n<meta property=\"og:locale\" content=\"de_DE\" \/>\n<meta property=\"og:type\" content=\"article\" \/>\n<meta property=\"og:title\" content=\"Transport, obs\u0142uga e-commerce, logistyka i magazynowanie =&gt; Cordis Logistic\" \/>\n<meta property=\"og:description\" content=\"Cordis-Logistic.pl: oferujemy us\u0142ugi transportu krajowego i mi\u0119dzynarodowego w\u0142asn\u0105 flot\u0105, us\u0142gi logistyki i magazynowania. Oferujemy obs\u0142ug\u0119 e-commerce!\" \/>\n<meta property=\"og:url\" content=\"https:\/\/cordis-logistics.pl\/de\/\" \/>\n<meta property=\"og:site_name\" content=\"Cordis Logistics\" \/>\n<meta property=\"article:modified_time\" content=\"2025-11-03T10:50:45+00:00\" \/>\n<meta property=\"og:image\" content=\"https:\/\/cordis-logistics.pl\/wp-content\/uploads\/2022\/01\/logistics-logo-300x143.png\" \/>\n<meta name=\"twitter:card\" content=\"summary_large_image\" \/>\n<meta name=\"twitter:label1\" content=\"Gesch\u00e4tzte Lesezeit\" \/>\n\t<meta name=\"twitter:data1\" content=\"5\u00a0Minuten\" \/>\n<script type=\"application\/ld+json\" class=\"yoast-schema-graph\">{\"@context\":\"https:\/\/schema.org\",\"@graph\":[{\"@type\":\"WebPage\",\"@id\":\"https:\/\/cordis-logistics.pl\/\",\"url\":\"https:\/\/cordis-logistics.pl\/\",\"name\":\"Transport, obs\u0142uga e-commerce, logistyka i magazynowanie => Cordis Logistic\",\"isPartOf\":{\"@id\":\"https:\/\/cordis-logistics.pl\/#website\"},\"datePublished\":\"2020-02-06T10:48:47+00:00\",\"dateModified\":\"2025-11-03T10:50:45+00:00\",\"description\":\"Cordis-Logistic.pl: oferujemy us\u0142ugi transportu krajowego i mi\u0119dzynarodowego w\u0142asn\u0105 flot\u0105, us\u0142gi logistyki i magazynowania. Oferujemy obs\u0142ug\u0119 e-commerce!\",\"breadcrumb\":{\"@id\":\"https:\/\/cordis-logistics.pl\/#breadcrumb\"},\"inLanguage\":\"de\",\"potentialAction\":[{\"@type\":\"ReadAction\",\"target\":[\"https:\/\/cordis-logistics.pl\/\"]}]},{\"@type\":\"BreadcrumbList\",\"@id\":\"https:\/\/cordis-logistics.pl\/#breadcrumb\",\"itemListElement\":[{\"@type\":\"ListItem\",\"position\":1,\"name\":\"Startseite\",\"item\":\"https:\/\/cordis-logistics.pl\/\"},{\"@type\":\"ListItem\",\"position\":2,\"name\":\"Home\"}]},{\"@type\":\"WebSite\",\"@id\":\"https:\/\/cordis-logistics.pl\/#website\",\"url\":\"https:\/\/cordis-logistics.pl\/\",\"name\":\"Cordis Logistics\",\"description\":\"Systemowe rozwi\u0105zania dla \u0142a\u0144cucha dostaw\",\"potentialAction\":[{\"@type\":\"SearchAction\",\"target\":{\"@type\":\"EntryPoint\",\"urlTemplate\":\"https:\/\/cordis-logistics.pl\/?s={search_term_string}\"},\"query-input\":\"required name=search_term_string\"}],\"inLanguage\":\"de\"}]}<\/script>\n<!-- \/ Yoast SEO plugin. -->","yoast_head_json":{"title":"Transport, obs\u0142uga e-commerce, logistyka i magazynowanie => Cordis Logistic","description":"Cordis-Logistic.pl: oferujemy us\u0142ugi transportu krajowego i mi\u0119dzynarodowego w\u0142asn\u0105 flot\u0105, us\u0142gi logistyki i magazynowania. Oferujemy obs\u0142ug\u0119 e-commerce!","robots":{"index":"index","follow":"follow","max-snippet":"max-snippet:-1","max-image-preview":"max-image-preview:large","max-video-preview":"max-video-preview:-1"},"canonical":"https:\/\/cordis-logistics.pl\/de\/","og_locale":"de_DE","og_type":"article","og_title":"Transport, obs\u0142uga e-commerce, logistyka i magazynowanie => Cordis Logistic","og_description":"Cordis-Logistic.pl: oferujemy us\u0142ugi transportu krajowego i mi\u0119dzynarodowego w\u0142asn\u0105 flot\u0105, us\u0142gi logistyki i magazynowania. Oferujemy obs\u0142ug\u0119 e-commerce!","og_url":"https:\/\/cordis-logistics.pl\/de\/","og_site_name":"Cordis Logistics","article_modified_time":"2025-11-03T10:50:45+00:00","og_image":[{"url":"https:\/\/cordis-logistics.pl\/wp-content\/uploads\/2022\/01\/logistics-logo-300x143.png"}],"twitter_card":"summary_large_image","twitter_misc":{"Gesch\u00e4tzte Lesezeit":"5\u00a0Minuten"},"schema":{"@context":"https:\/\/schema.org","@graph":[{"@type":"WebPage","@id":"https:\/\/cordis-logistics.pl\/","url":"https:\/\/cordis-logistics.pl\/","name":"Transport, obs\u0142uga e-commerce, logistyka i magazynowanie => Cordis Logistic","isPartOf":{"@id":"https:\/\/cordis-logistics.pl\/#website"},"datePublished":"2020-02-06T10:48:47+00:00","dateModified":"2025-11-03T10:50:45+00:00","description":"Cordis-Logistic.pl: oferujemy us\u0142ugi transportu krajowego i mi\u0119dzynarodowego w\u0142asn\u0105 flot\u0105, us\u0142gi logistyki i magazynowania. Oferujemy obs\u0142ug\u0119 e-commerce!","breadcrumb":{"@id":"https:\/\/cordis-logistics.pl\/#breadcrumb"},"inLanguage":"de","potentialAction":[{"@type":"ReadAction","target":["https:\/\/cordis-logistics.pl\/"]}]},{"@type":"BreadcrumbList","@id":"https:\/\/cordis-logistics.pl\/#breadcrumb","itemListElement":[{"@type":"ListItem","position":1,"name":"Startseite","item":"https:\/\/cordis-logistics.pl\/"},{"@type":"ListItem","position":2,"name":"Home"}]},{"@type":"WebSite","@id":"https:\/\/cordis-logistics.pl\/#website","url":"https:\/\/cordis-logistics.pl\/","name":"Cordis Logistics","description":"Systemowe rozwi\u0105zania dla \u0142a\u0144cucha dostaw","potentialAction":[{"@type":"SearchAction","target":{"@type":"EntryPoint","urlTemplate":"https:\/\/cordis-logistics.pl\/?s={search_term_string}"},"query-input":"required name=search_term_string"}],"inLanguage":"de"}]}},"_links":{"self":[{"href":"https:\/\/cordis-logistics.pl\/de\/wp-json\/wp\/v2\/pages\/25"}],"collection":[{"href":"https:\/\/cordis-logistics.pl\/de\/wp-json\/wp\/v2\/pages"}],"about":[{"href":"https:\/\/cordis-logistics.pl\/de\/wp-json\/wp\/v2\/types\/page"}],"author":[{"embeddable":true,"href":"https:\/\/cordis-logistics.pl\/de\/wp-json\/wp\/v2\/users\/1"}],"replies":[{"embeddable":true,"href":"https:\/\/cordis-logistics.pl\/de\/wp-json\/wp\/v2\/comments?post=25"}],"version-history":[{"count":227,"href":"https:\/\/cordis-logistics.pl\/de\/wp-json\/wp\/v2\/pages\/25\/revisions"}],"predecessor-version":[{"id":1890,"href":"https:\/\/cordis-logistics.pl\/de\/wp-json\/wp\/v2\/pages\/25\/revisions\/1890"}],"wp:attachment":[{"href":"https:\/\/cordis-logistics.pl\/de\/wp-json\/wp\/v2\/media?parent=25"}],"curies":[{"name":"wp","href":"https:\/\/api.w.org\/{rel}","templated":true}]}}